{"id":355,"date":"2018-07-04T04:36:08","date_gmt":"2018-07-04T02:36:08","guid":{"rendered":"http:\/\/ecerfvelee.com\/site\/?page_id=355"},"modified":"2024-02-14T19:33:34","modified_gmt":"2024-02-14T18:33:34","slug":"le-temps-de-la-terre","status":"publish","type":"page","link":"https:\/\/ecerfvelee.com\/site\/le-temps-de-la-terre\/","title":{"rendered":"Le Temps de la terre"},"content":{"rendered":"\n<h2 class=\"wp-block-heading\">Prix de l&rsquo;Audace artistique et culturelle<\/h2>\n\n\n<p><a href=\"https:\/\/ecerfvelee.com\/site\/the-price-of-artistic\/\"><em>Discover this article in English<\/em><\/a><\/p>\n<p><strong>Le coll\u00e8ge Val de Rosemont de Giromagny est le laur\u00e9at 2018 du Prix de l\u2019Audace artistique et culturelle de la Fondation Culture &amp; Diversit\u00e9 \u2013 cat\u00e9gorie Coll\u00e8ge pour son projet \u00ab\u00a0<a href=\"https:\/\/ecerfvelee.com\/site\/le-temps-de-la-terre\/\">Le Temps de la terre\u00a0\u00bb.<\/a><\/strong><\/p>\n<p><strong>Marina Zindy, professeur d\u2019Arts Plastiques et c\u00e9ramiste plasticienne, a initi\u00e9 et coordonn\u00e9 ce projet.<\/strong><\/p>\n<figure id=\"attachment_412\" class=\"wp-caption alignnone\" aria-describedby=\"caption-attachment-412\"><img loading=\"lazy\" decoding=\"async\" class=\"wp-image-412 size-full\" src=\"http:\/\/ecerfvelee.com\/site\/wp-content\/uploads\/2018\/07\/marina-Zindy.jpg\" sizes=\"auto, (max-width: 767px) 89vw, (max-width: 1000px) 54vw, (max-width: 1071px) 543px, 580px\" srcset=\"https:\/\/ecerfvelee.com\/site\/wp-content\/uploads\/2018\/07\/marina-Zindy.jpg 3360w, https:\/\/ecerfvelee.com\/site\/wp-content\/uploads\/2018\/07\/marina-Zindy-350x252.jpg 350w, https:\/\/ecerfvelee.com\/site\/wp-content\/uploads\/2018\/07\/marina-Zindy-300x216.jpg 300w, https:\/\/ecerfvelee.com\/site\/wp-content\/uploads\/2018\/07\/marina-Zindy-768x552.jpg 768w, https:\/\/ecerfvelee.com\/site\/wp-content\/uploads\/2018\/07\/marina-Zindy-1024x736.jpg 1024w\" alt=\"\" width=\"3360\" height=\"2416\" \/>\n<figcaption id=\"caption-attachment-412\" class=\"wp-caption-text\"><strong>Coll\u00e8ge Val de Rosemont, Laur\u00e9at du Prix de l\u2019Audace Artistique et Culturelle, Matignon, 2018<\/strong><\/figcaption>\n<\/figure>\n<p><strong>Deux \u00e9l\u00e8ves ont pr\u00e9sent\u00e9 le projet et se sont vus remettre le prix par Fran\u00e7oise Nyssen, Ministre de la Culture, vendredi 29 juin 2018 lors d\u2019une c\u00e9r\u00e9monie qui s\u2019est d\u00e9roul\u00e9e \u00e0 Matignon \u00e0 Paris, en pr\u00e9sence du Premier Ministre Edouard Philippe et du Ministre de l\u2019Education nationale Jean-Michel Blanquer.<\/strong><\/p>\n<figure id=\"attachment_413\" class=\"wp-caption alignnone\" aria-describedby=\"caption-attachment-413\"><img loading=\"lazy\" decoding=\"async\" class=\"wp-image-413 size-full\" src=\"http:\/\/ecerfvelee.com\/site\/wp-content\/uploads\/2018\/07\/fondation-Remise-du-prix-Cat%C3%A9gorie-Coll%C3%A8ge.jpg\" sizes=\"auto, (max-width: 767px) 89vw, (max-width: 1000px) 54vw, (max-width: 1071px) 543px, 580px\" srcset=\"https:\/\/ecerfvelee.com\/site\/wp-content\/uploads\/2018\/07\/fondation-Remise-du-prix-Cat\u00e9gorie-Coll\u00e8ge.jpg 1280w, https:\/\/ecerfvelee.com\/site\/wp-content\/uploads\/2018\/07\/fondation-Remise-du-prix-Cat\u00e9gorie-Coll\u00e8ge-350x263.jpg 350w, https:\/\/ecerfvelee.com\/site\/wp-content\/uploads\/2018\/07\/fondation-Remise-du-prix-Cat\u00e9gorie-Coll\u00e8ge-300x225.jpg 300w, https:\/\/ecerfvelee.com\/site\/wp-content\/uploads\/2018\/07\/fondation-Remise-du-prix-Cat\u00e9gorie-Coll\u00e8ge-768x576.jpg 768w, https:\/\/ecerfvelee.com\/site\/wp-content\/uploads\/2018\/07\/fondation-Remise-du-prix-Cat\u00e9gorie-Coll\u00e8ge-1024x768.jpg 1024w\" alt=\"\" width=\"1280\" height=\"960\" \/>\n<figcaption id=\"caption-attachment-413\" class=\"wp-caption-text\"><strong>Nicoline et R\u00e9mi ont repr\u00e9sent\u00e9 le coll\u00e8ge aux cot\u00e9s de Marc Ladreit de Lacharri\u00e8re, Pr\u00e9sident de la Fondation Culture &amp; Diversit\u00e9 et de Fran\u00e7oise Nyssen, Ministre de la Culture.<\/strong><\/figcaption>\n<\/figure>\n<h1>Jamel Debbouze Pr\u00e9sident du jury du Prix de l&rsquo;Audace artistique et culturelle<\/h1>\n<p><b>Une arriv\u00e9e remarqu\u00e9e !<\/b><\/p>\n<div id=\"gallery-6\" class=\"gallery galleryid-481 gallery-columns-3 gallery-size-medium\">\n<figure class=\"gallery-item\">\n<div class=\"gallery-icon portrait\"><a href=\"https:\/\/ecerfvelee.com\/site\/projects\/img_20180629_152901\/\" data-slb-active=\"1\" data-slb-asset=\"173621687\" data-slb-internal=\"425\" data-slb-group=\"481\"><img loading=\"lazy\" decoding=\"async\" class=\"attachment-medium size-medium\" src=\"https:\/\/ecerfvelee.com\/site\/wp-content\/uploads\/2018\/07\/IMG_20180629_152901-225x300.jpg\" sizes=\"auto, 100vw\" srcset=\"https:\/\/ecerfvelee.com\/site\/wp-content\/uploads\/2018\/07\/IMG_20180629_152901-225x300.jpg 225w, https:\/\/ecerfvelee.com\/site\/wp-content\/uploads\/2018\/07\/IMG_20180629_152901-350x467.jpg 350w, https:\/\/ecerfvelee.com\/site\/wp-content\/uploads\/2018\/07\/IMG_20180629_152901-768x1024.jpg 768w\" alt=\"\" width=\"225\" height=\"300\" aria-describedby=\"gallery-6-425\" \/><\/a><\/div>\n<figcaption id=\"gallery-6-425\" class=\"wp-caption-text gallery-caption\"><\/figcaption>\n<\/figure>\n<figure class=\"gallery-item\">\n<div class=\"gallery-icon portrait\"><a href=\"https:\/\/ecerfvelee.com\/site\/projects\/img_20180629_152907\/\" data-slb-active=\"1\" data-slb-asset=\"186728525\" data-slb-internal=\"426\" data-slb-group=\"481\"><img loading=\"lazy\" decoding=\"async\" class=\"attachment-medium size-medium\" src=\"https:\/\/ecerfvelee.com\/site\/wp-content\/uploads\/2018\/07\/IMG_20180629_152907-225x300.jpg\" sizes=\"auto, 100vw\" srcset=\"https:\/\/ecerfvelee.com\/site\/wp-content\/uploads\/2018\/07\/IMG_20180629_152907-225x300.jpg 225w, https:\/\/ecerfvelee.com\/site\/wp-content\/uploads\/2018\/07\/IMG_20180629_152907-350x467.jpg 350w, https:\/\/ecerfvelee.com\/site\/wp-content\/uploads\/2018\/07\/IMG_20180629_152907-768x1024.jpg 768w\" alt=\"\" width=\"225\" height=\"300\" aria-describedby=\"gallery-6-426\" \/><\/a><\/div>\n<figcaption id=\"gallery-6-426\" class=\"wp-caption-text gallery-caption\"><\/figcaption>\n<\/figure>\n<figure class=\"gallery-item\">\n<div class=\"gallery-icon portrait\"><a href=\"https:\/\/ecerfvelee.com\/site\/projects\/img_20180629_152941\/\" data-slb-active=\"1\" data-slb-asset=\"1192941686\" data-slb-internal=\"424\" data-slb-group=\"481\"><img loading=\"lazy\" decoding=\"async\" class=\"attachment-medium size-medium\" src=\"https:\/\/ecerfvelee.com\/site\/wp-content\/uploads\/2018\/07\/IMG_20180629_152941-225x300.jpg\" sizes=\"auto, 100vw\" srcset=\"https:\/\/ecerfvelee.com\/site\/wp-content\/uploads\/2018\/07\/IMG_20180629_152941-225x300.jpg 225w, https:\/\/ecerfvelee.com\/site\/wp-content\/uploads\/2018\/07\/IMG_20180629_152941-350x467.jpg 350w, https:\/\/ecerfvelee.com\/site\/wp-content\/uploads\/2018\/07\/IMG_20180629_152941-768x1024.jpg 768w, https:\/\/ecerfvelee.com\/site\/wp-content\/uploads\/2018\/07\/IMG_20180629_152941.jpg 1920w\" alt=\"\" width=\"225\" height=\"300\" aria-describedby=\"gallery-6-424\" \/><\/a><\/div>\n<figcaption id=\"gallery-6-424\" class=\"wp-caption-text gallery-caption\"><\/figcaption>\n<\/figure>\n<\/div>\n<p><strong>Les laur\u00e9ats ont \u00e9t\u00e9 re\u00e7us par le Premier ministre Edouard Philippe, le Ministre de l\u2019Education nationale Jean-Michel Blanquer. La Ministre de la Culture Fran\u00e7oise Nyssen et par le Pr\u00e9sident de la Fondation Culture &amp; Diversit\u00e9 Marc Ladreit de Lacharri\u00e8re.<\/strong><\/p>\n<p><strong>Le Pr\u00e9sident du jury, Jamel Debbouze est venu saluer les participants.<\/strong><\/p>\n<figure id=\"attachment_532\" class=\"wp-caption aligncenter\" aria-describedby=\"caption-attachment-532\"><img loading=\"lazy\" decoding=\"async\" class=\"wp-image-532\" src=\"http:\/\/ecerfvelee.com\/site\/wp-content\/uploads\/2018\/07\/thumbnail_13.-5N5A0175-%C2%A9-Sylvere-Petit-1024x682.jpg\" sizes=\"auto, (max-width: 600px) 100vw, 600px\" srcset=\"https:\/\/ecerfvelee.com\/site\/wp-content\/uploads\/2018\/07\/thumbnail_13.-5N5A0175-\u00a9-Sylvere-Petit-1024x682.jpg 1024w, https:\/\/ecerfvelee.com\/site\/wp-content\/uploads\/2018\/07\/thumbnail_13.-5N5A0175-\u00a9-Sylvere-Petit-350x233.jpg 350w, https:\/\/ecerfvelee.com\/site\/wp-content\/uploads\/2018\/07\/thumbnail_13.-5N5A0175-\u00a9-Sylvere-Petit-300x200.jpg 300w, https:\/\/ecerfvelee.com\/site\/wp-content\/uploads\/2018\/07\/thumbnail_13.-5N5A0175-\u00a9-Sylvere-Petit-768x512.jpg 768w, https:\/\/ecerfvelee.com\/site\/wp-content\/uploads\/2018\/07\/thumbnail_13.-5N5A0175-\u00a9-Sylvere-Petit.jpg 1280w\" alt=\"\" width=\"600\" height=\"400\" \/>\n<figcaption id=\"caption-attachment-532\" class=\"wp-caption-text\"><strong>Marc Ladreit de Lacharri\u00e8re, M. Blanquer, Jamel Debbouze, Mme Nyssen \u2026 Marina Zindy et les \u00e9l\u00e8ves laur\u00e9ats de coll\u00e8ge et de primaire. Photographie Sylv\u00e8re Petit.<\/strong><\/figcaption>\n<\/figure>\n<figure id=\"attachment_438\" class=\"wp-caption aligncenter\" aria-describedby=\"caption-attachment-438\"><img loading=\"lazy\" decoding=\"async\" class=\"wp-image-438\" src=\"http:\/\/ecerfvelee.com\/site\/wp-content\/uploads\/2018\/07\/IMG_20180629_165347-1024x768.jpg\" sizes=\"auto, (max-width: 604px) 100vw, 604px\" srcset=\"https:\/\/ecerfvelee.com\/site\/wp-content\/uploads\/2018\/07\/IMG_20180629_165347-1024x768.jpg 1024w, https:\/\/ecerfvelee.com\/site\/wp-content\/uploads\/2018\/07\/IMG_20180629_165347-350x263.jpg 350w, https:\/\/ecerfvelee.com\/site\/wp-content\/uploads\/2018\/07\/IMG_20180629_165347-300x225.jpg 300w, https:\/\/ecerfvelee.com\/site\/wp-content\/uploads\/2018\/07\/IMG_20180629_165347-768x576.jpg 768w\" alt=\"\" width=\"604\" height=\"453\" \/>\n<figcaption id=\"caption-attachment-438\" class=\"wp-caption-text\"><strong>\u00a0Une exp\u00e9dition pour arriver\u00a0 jusqu\u2019\u00e0 Jamel Debbouze et lui proposer une action.<\/strong><\/figcaption>\n<\/figure>\n<div id=\"gallery-7\" class=\"gallery galleryid-481 gallery-columns-2 gallery-size-medium\">\u00a0<\/div>\n<div id=\"gallery-7\" class=\"gallery galleryid-481 gallery-columns-2 gallery-size-medium\">\n<figure class=\"gallery-item\">\n<div class=\"gallery-icon landscape\"><a href=\"https:\/\/ecerfvelee.com\/site\/projects\/img_20180629_165936\/\" data-slb-active=\"1\" data-slb-asset=\"696420774\" data-slb-internal=\"432\" data-slb-group=\"481\"><img loading=\"lazy\" decoding=\"async\" class=\"attachment-medium size-medium\" src=\"https:\/\/ecerfvelee.com\/site\/wp-content\/uploads\/2018\/07\/IMG_20180629_165936-300x225.jpg\" sizes=\"auto, 100vw\" srcset=\"https:\/\/ecerfvelee.com\/site\/wp-content\/uploads\/2018\/07\/IMG_20180629_165936-300x225.jpg 300w, https:\/\/ecerfvelee.com\/site\/wp-content\/uploads\/2018\/07\/IMG_20180629_165936-350x263.jpg 350w, https:\/\/ecerfvelee.com\/site\/wp-content\/uploads\/2018\/07\/IMG_20180629_165936-768x576.jpg 768w, https:\/\/ecerfvelee.com\/site\/wp-content\/uploads\/2018\/07\/IMG_20180629_165936-1024x768.jpg 1024w\" alt=\"\" width=\"300\" height=\"225\" \/><\/a><\/div>\n<\/figure>\n<figure class=\"gallery-item\">\n<div class=\"gallery-icon landscape\"><a href=\"https:\/\/ecerfvelee.com\/site\/projects\/img_20180629_165939\/\" data-slb-active=\"1\" data-slb-asset=\"880742771\" data-slb-internal=\"433\" data-slb-group=\"481\"><img loading=\"lazy\" decoding=\"async\" class=\"attachment-medium size-medium\" src=\"https:\/\/ecerfvelee.com\/site\/wp-content\/uploads\/2018\/07\/IMG_20180629_165939-300x225.jpg\" sizes=\"auto, 100vw\" srcset=\"https:\/\/ecerfvelee.com\/site\/wp-content\/uploads\/2018\/07\/IMG_20180629_165939-300x225.jpg 300w, https:\/\/ecerfvelee.com\/site\/wp-content\/uploads\/2018\/07\/IMG_20180629_165939-350x263.jpg 350w, https:\/\/ecerfvelee.com\/site\/wp-content\/uploads\/2018\/07\/IMG_20180629_165939-768x576.jpg 768w, https:\/\/ecerfvelee.com\/site\/wp-content\/uploads\/2018\/07\/IMG_20180629_165939-1024x768.jpg 1024w\" alt=\"\" width=\"300\" height=\"225\" \/><\/a><\/div>\n<\/figure>\n<figure class=\"gallery-item\">\n<div class=\"gallery-icon landscape\"><a href=\"https:\/\/ecerfvelee.com\/site\/projects\/img_20180629_165946\/\" data-slb-active=\"1\" data-slb-asset=\"959266182\" data-slb-internal=\"434\" data-slb-group=\"481\"><img loading=\"lazy\" decoding=\"async\" class=\"attachment-medium size-medium\" src=\"https:\/\/ecerfvelee.com\/site\/wp-content\/uploads\/2018\/07\/IMG_20180629_165946-300x225.jpg\" sizes=\"auto, 100vw\" srcset=\"https:\/\/ecerfvelee.com\/site\/wp-content\/uploads\/2018\/07\/IMG_20180629_165946-300x225.jpg 300w, https:\/\/ecerfvelee.com\/site\/wp-content\/uploads\/2018\/07\/IMG_20180629_165946-350x263.jpg 350w, https:\/\/ecerfvelee.com\/site\/wp-content\/uploads\/2018\/07\/IMG_20180629_165946-768x576.jpg 768w, https:\/\/ecerfvelee.com\/site\/wp-content\/uploads\/2018\/07\/IMG_20180629_165946-1024x768.jpg 1024w\" alt=\"\" width=\"300\" height=\"225\" \/><\/a><\/div>\n<\/figure>\n<figure class=\"gallery-item\">\n<div class=\"gallery-icon landscape\"><a href=\"https:\/\/ecerfvelee.com\/site\/projects\/img_20180629_170002\/\" data-slb-active=\"1\" data-slb-asset=\"290841400\" data-slb-internal=\"435\" data-slb-group=\"481\"><img loading=\"lazy\" decoding=\"async\" class=\"attachment-medium size-medium\" src=\"https:\/\/ecerfvelee.com\/site\/wp-content\/uploads\/2018\/07\/IMG_20180629_170002-300x225.jpg\" sizes=\"auto, 100vw\" srcset=\"https:\/\/ecerfvelee.com\/site\/wp-content\/uploads\/2018\/07\/IMG_20180629_170002-300x225.jpg 300w, https:\/\/ecerfvelee.com\/site\/wp-content\/uploads\/2018\/07\/IMG_20180629_170002-350x263.jpg 350w, https:\/\/ecerfvelee.com\/site\/wp-content\/uploads\/2018\/07\/IMG_20180629_170002-768x576.jpg 768w, https:\/\/ecerfvelee.com\/site\/wp-content\/uploads\/2018\/07\/IMG_20180629_170002-1024x768.jpg 1024w\" alt=\"\" width=\"300\" height=\"225\" \/><\/a><\/div>\n<\/figure>\n<\/div>\n<p><strong>Un \u00e9l\u00e8ve du coll\u00e8ge a demand\u00e9 au pr\u00e9sident du jury s\u2019il pouvait faire une empreinte dans une boule d\u2019argile pour pouvoir recueillir une trace de cette rencontre.<\/strong><\/p>\n<p><strong>Il a test\u00e9 la mati\u00e8re entre ces doigts et a propos\u00e9 un mini sketch en appliquant l\u2019argile, non pas sur son doigt mais sur son nez ! L\u2019humoriste n\u2019a pas h\u00e9sit\u00e9,\u00a0 il a revisit\u00e9 le nez de clown sous un aspect plus terre \u00e0 terre<\/strong><strong>. Cette empreinte enrichira la mosa\u00efque du coll\u00e8ge.<\/strong><\/p>\n<h1><span style=\"font-size: large;\"><b>Le Temps de la Terre, G\u00e9n\u00e8se du projet<\/b><\/span><\/h1>\n<p style=\"text-align: left;\"><strong>Travailler l&rsquo;argile, c&rsquo;est \u00eatre en contact avec la mati\u00e8re et entrer dans le cycle du monde.<\/strong><\/p>\n<p style=\"text-align: left;\"><strong>Le temps n&rsquo;est plus d\u00e9coup\u00e9 en secondes, en minutes. Nous avan\u00e7ons avec lui, il est \u00e9tape et d\u00e9couverte.<\/strong><\/p>\n<p style=\"text-align: left;\"><strong>Ce n&rsquo;est plus le m\u00e9canisme de l&rsquo;horloge qui nous guide mais les transformations et la m\u00e9tamorphose de l&rsquo;argile.<\/strong><\/p>\n<p style=\"text-align: left;\"><strong>D\u00e9passer le temps historique et retourner aux origines de la cr\u00e9ation est une source d&rsquo;apaisement.<\/strong><\/p>\n<p style=\"text-align: left;\"><strong>On se sent \u00e0 nouveau connect\u00e9.<\/strong><\/p>\n<p style=\"text-align: left;\"><strong>Mais connect\u00e9 \u00e0 l&rsquo;essentiel\u00a0: \u00e0 la vie et au monde.<\/strong><\/p>\n<p style=\"text-align: left;\"><strong>J&rsquo;ai voulu transmettre cette exp\u00e9rience \u00e0 de jeunes gens, eux aussi en pleine m\u00e9tamorphose.<\/strong><\/p>\n<p style=\"text-align: left;\"><strong>Pour illustrer cette id\u00e9e et apr\u00e8s avoir travaill\u00e9 avec le c\u00e9ramiste Sangwoo Kim fin 2016, j&rsquo;ai imagin\u00e9 une installation de c\u00e9ramiques r\u00e9alis\u00e9es par des \u00e9l\u00e8ves de coll\u00e8ge.<\/strong><\/p>\n<div id='gallery-1' class='gallery galleryid-355 gallery-columns-2 gallery-size-large'><figure class='gallery-item'>\n\t\t\t<div class='gallery-icon landscape'>\n\t\t\t\t<a href='https:\/\/ecerfvelee.com\/site\/projects\/1-3\/'><img loading=\"lazy\" decoding=\"async\" width=\"525\" height=\"394\" src=\"https:\/\/ecerfvelee.com\/site\/wp-content\/uploads\/2018\/07\/1-1-1024x768.jpg\" class=\"attachment-large size-large\" alt=\"\" aria-describedby=\"gallery-1-232\" srcset=\"https:\/\/ecerfvelee.com\/site\/wp-content\/uploads\/2018\/07\/1-1-1024x768.jpg 1024w, https:\/\/ecerfvelee.com\/site\/wp-content\/uploads\/2018\/07\/1-1-350x263.jpg 350w, https:\/\/ecerfvelee.com\/site\/wp-content\/uploads\/2018\/07\/1-1-300x225.jpg 300w, https:\/\/ecerfvelee.com\/site\/wp-content\/uploads\/2018\/07\/1-1-768x576.jpg 768w\" sizes=\"auto, 100vw\" \/><\/a>\n\t\t\t<\/div>\n\t\t\t\t<figcaption class='wp-caption-text gallery-caption' id='gallery-1-232'>\n\t\t\t\tposition de repli\n\t\t\t\t<\/figcaption><\/figure><figure class='gallery-item'>\n\t\t\t<div class='gallery-icon landscape'>\n\t\t\t\t<a href='https:\/\/ecerfvelee.com\/site\/projects\/2-3\/'><img loading=\"lazy\" decoding=\"async\" width=\"525\" height=\"394\" src=\"https:\/\/ecerfvelee.com\/site\/wp-content\/uploads\/2018\/07\/2-1-1024x768.jpg\" class=\"attachment-large size-large\" alt=\"\" aria-describedby=\"gallery-1-233\" srcset=\"https:\/\/ecerfvelee.com\/site\/wp-content\/uploads\/2018\/07\/2-1.jpg 1024w, https:\/\/ecerfvelee.com\/site\/wp-content\/uploads\/2018\/07\/2-1-350x263.jpg 350w, https:\/\/ecerfvelee.com\/site\/wp-content\/uploads\/2018\/07\/2-1-300x225.jpg 300w, https:\/\/ecerfvelee.com\/site\/wp-content\/uploads\/2018\/07\/2-1-768x576.jpg 768w\" sizes=\"auto, 100vw\" \/><\/a>\n\t\t\t<\/div>\n\t\t\t\t<figcaption class='wp-caption-text gallery-caption' id='gallery-1-233'>\n\t\t\t\tle corps prot\u00e9g\u00e9 par un cocon\n\t\t\t\t<\/figcaption><\/figure><figure class='gallery-item'>\n\t\t\t<div class='gallery-icon landscape'>\n\t\t\t\t<a href='https:\/\/ecerfvelee.com\/site\/projects\/3-3\/'><img loading=\"lazy\" decoding=\"async\" width=\"525\" height=\"394\" src=\"https:\/\/ecerfvelee.com\/site\/wp-content\/uploads\/2018\/07\/3-1-1024x768.jpg\" class=\"attachment-large size-large\" alt=\"\" aria-describedby=\"gallery-1-234\" srcset=\"https:\/\/ecerfvelee.com\/site\/wp-content\/uploads\/2018\/07\/3-1.jpg 1024w, https:\/\/ecerfvelee.com\/site\/wp-content\/uploads\/2018\/07\/3-1-350x263.jpg 350w, https:\/\/ecerfvelee.com\/site\/wp-content\/uploads\/2018\/07\/3-1-300x225.jpg 300w, https:\/\/ecerfvelee.com\/site\/wp-content\/uploads\/2018\/07\/3-1-768x576.jpg 768w\" sizes=\"auto, 100vw\" \/><\/a>\n\t\t\t<\/div>\n\t\t\t\t<figcaption class='wp-caption-text gallery-caption' id='gallery-1-234'>\n\t\t\t\tles cocons en c\u00e9ramique\n\t\t\t\t<\/figcaption><\/figure><figure class='gallery-item'>\n\t\t\t<div class='gallery-icon landscape'>\n\t\t\t\t<a href='https:\/\/ecerfvelee.com\/site\/projects\/4-2\/'><img loading=\"lazy\" decoding=\"async\" width=\"525\" height=\"394\" src=\"https:\/\/ecerfvelee.com\/site\/wp-content\/uploads\/2018\/07\/4-1-1024x768.png\" class=\"attachment-large size-large\" alt=\"\" aria-describedby=\"gallery-1-235\" srcset=\"https:\/\/ecerfvelee.com\/site\/wp-content\/uploads\/2018\/07\/4-1.png 1024w, https:\/\/ecerfvelee.com\/site\/wp-content\/uploads\/2018\/07\/4-1-350x263.png 350w, https:\/\/ecerfvelee.com\/site\/wp-content\/uploads\/2018\/07\/4-1-300x225.png 300w, https:\/\/ecerfvelee.com\/site\/wp-content\/uploads\/2018\/07\/4-1-768x576.png 768w\" sizes=\"auto, 100vw\" \/><\/a>\n\t\t\t<\/div>\n\t\t\t\t<figcaption class='wp-caption-text gallery-caption' id='gallery-1-235'>\n\t\t\t\tles plan\u00e8tes en terre sigil\u00e9e en orbite autour du cocon, centre du monde\n\t\t\t\t<\/figcaption><\/figure>\n\t\t<\/div>\n\n<p><strong>La technique traditionnelle Onggi permet la r\u00e9alisation de grandes pi\u00e8ces en argile.<\/strong><\/p>\n<figure id=\"attachment_237\" aria-describedby=\"caption-attachment-237\" style=\"width: 19759px\" class=\"wp-caption alignnone\"><img loading=\"lazy\" decoding=\"async\" class=\"wp-image-237 size-full\" src=\"http:\/\/ecerfvelee.com\/site\/wp-content\/uploads\/2018\/07\/sangwoo-kim-copie-net.jpg\" alt=\"\" width=\"19759\" height=\"3789\" srcset=\"https:\/\/ecerfvelee.com\/site\/wp-content\/uploads\/2018\/07\/sangwoo-kim-copie-net.jpg 19759w, https:\/\/ecerfvelee.com\/site\/wp-content\/uploads\/2018\/07\/sangwoo-kim-copie-net-350x67.jpg 350w, https:\/\/ecerfvelee.com\/site\/wp-content\/uploads\/2018\/07\/sangwoo-kim-copie-net-300x58.jpg 300w, https:\/\/ecerfvelee.com\/site\/wp-content\/uploads\/2018\/07\/sangwoo-kim-copie-net-768x147.jpg 768w, https:\/\/ecerfvelee.com\/site\/wp-content\/uploads\/2018\/07\/sangwoo-kim-copie-net-1024x196.jpg 1024w\" sizes=\"auto, (max-width: 767px) 89vw, (max-width: 1000px) 54vw, (max-width: 1071px) 543px, 580px\" \/><figcaption id=\"caption-attachment-237\" class=\"wp-caption-text\">Sangwoo Kim, d\u00e9monstration Onggi<\/figcaption><\/figure>\n<p><strong>Elle est donc employ\u00e9 pour ce projet. Cette fois-ci, ce n&rsquo;est plus une jarre mais des cocons qui sont model\u00e9s par les adolescents.<\/strong><\/p>\n<p><img loading=\"lazy\" decoding=\"async\" class=\"aligncenter wp-image-240 size-large\" src=\"http:\/\/ecerfvelee.com\/site\/wp-content\/uploads\/2018\/07\/IMG_0371-1024x768.png\" alt=\"\" width=\"525\" height=\"394\" srcset=\"https:\/\/ecerfvelee.com\/site\/wp-content\/uploads\/2018\/07\/IMG_0371-1024x768.png 1024w, https:\/\/ecerfvelee.com\/site\/wp-content\/uploads\/2018\/07\/IMG_0371-350x263.png 350w, https:\/\/ecerfvelee.com\/site\/wp-content\/uploads\/2018\/07\/IMG_0371-300x225.png 300w, https:\/\/ecerfvelee.com\/site\/wp-content\/uploads\/2018\/07\/IMG_0371-768x576.png 768w, https:\/\/ecerfvelee.com\/site\/wp-content\/uploads\/2018\/07\/IMG_0371.png 2048w\" sizes=\"auto, (max-width: 525px) 100vw, 525px\" \/><\/p>\n<p><strong>Quatre cocons \u00e0 leurs tailles, dans lesquelles ils pourront se r\u00e9fugier, s&rsquo;extraire de la collectivit\u00e9 le temps d&rsquo;un r\u00eave.<\/strong><\/p>\n<p><strong>Quatre ann\u00e9es de coll\u00e8ge o\u00f9 ils passeront de l&rsquo;enfance \u00e0 l&rsquo;adolescence, quatre ann\u00e9es o\u00f9 leur corps va se transformer comme la chenille en papillon.<\/strong><\/p>\n<p><strong>Prendre son envol et choisir sa voie.<\/strong><\/p>\n<p><strong>Quatre points cardinaux, voyager et savoir se rep\u00e9rer.<\/strong><\/p>\n<p><strong>Quatre \u00e9l\u00e9ments.<\/strong><\/p>\n<p><strong>Les sculptures seront expos\u00e9es dans des jardins\u00a0: jardin d&rsquo;eau, de terre, de feu et d&rsquo;air.<\/strong><\/p>\n<p><strong>Jardins con\u00e7us au sein du coll\u00e8ge Val de Rosemont \u00e0 Giromagny.<\/strong><\/p>\n<p><img loading=\"lazy\" decoding=\"async\" class=\"alignnone wp-image-242 size-large\" src=\"http:\/\/ecerfvelee.com\/site\/wp-content\/uploads\/2018\/07\/9-Besancon-College-Dossier-de-candidature-jardins-avec-plan\u00e8tes-et-sculptures-768x1024.jpg\" alt=\"\" width=\"525\" height=\"700\" srcset=\"https:\/\/ecerfvelee.com\/site\/wp-content\/uploads\/2018\/07\/9-Besancon-College-Dossier-de-candidature-jardins-avec-plan\u00e8tes-et-sculptures-768x1024.jpg 768w, https:\/\/ecerfvelee.com\/site\/wp-content\/uploads\/2018\/07\/9-Besancon-College-Dossier-de-candidature-jardins-avec-plan\u00e8tes-et-sculptures-350x467.jpg 350w, https:\/\/ecerfvelee.com\/site\/wp-content\/uploads\/2018\/07\/9-Besancon-College-Dossier-de-candidature-jardins-avec-plan\u00e8tes-et-sculptures-225x300.jpg 225w, https:\/\/ecerfvelee.com\/site\/wp-content\/uploads\/2018\/07\/9-Besancon-College-Dossier-de-candidature-jardins-avec-plan\u00e8tes-et-sculptures.jpg 850w\" sizes=\"auto, (max-width: 525px) 100vw, 525px\" \/><\/p>\n<h3><strong>Les cocons<\/strong><\/h3>\n<p><strong>J&rsquo;ai la chance de pouvoir prendre du temps avec des \u00e9l\u00e8ves de 4\u00e8me qui font partie de l&rsquo;Atelier d&rsquo;Arts Plastiques. Deux heures par semaine. Douze \u00e9l\u00e8ves. Des conditions id\u00e9ales pour enseigner, transmettre, partager et pratiquer.<\/strong><\/p>\n<p><strong>C&rsquo;est avec ces \u00e9l\u00e8ves que nous avons r\u00e9alis\u00e9 les cocons en c\u00e9ramique.<\/strong><\/p>\n<p><strong>Deux jours entiers \u00e0 modeler de l&rsquo;argile .<\/strong><\/p>\n<p><strong>Deux jours \u00e0 travailler devant les quatre cents \u00e9l\u00e8ves du coll\u00e8ge. Leur faire d\u00e9couvrir cette mati\u00e8re et ce m\u00e9tier.<\/strong><\/p>\n<div id='gallery-2' class='gallery galleryid-355 gallery-columns-2 gallery-size-large'><figure class='gallery-item'>\n\t\t\t<div class='gallery-icon portrait'>\n\t\t\t\t<a href='https:\/\/ecerfvelee.com\/site\/projects\/img_9712\/'><img loading=\"lazy\" decoding=\"async\" width=\"525\" height=\"788\" src=\"https:\/\/ecerfvelee.com\/site\/wp-content\/uploads\/2018\/07\/IMG_9712-e1530456796281-682x1024.jpg\" class=\"attachment-large size-large\" alt=\"\" aria-describedby=\"gallery-2-256\" srcset=\"https:\/\/ecerfvelee.com\/site\/wp-content\/uploads\/2018\/07\/IMG_9712-e1530456796281-682x1024.jpg 682w, https:\/\/ecerfvelee.com\/site\/wp-content\/uploads\/2018\/07\/IMG_9712-e1530456796281-350x525.jpg 350w, https:\/\/ecerfvelee.com\/site\/wp-content\/uploads\/2018\/07\/IMG_9712-e1530456796281-200x300.jpg 200w, https:\/\/ecerfvelee.com\/site\/wp-content\/uploads\/2018\/07\/IMG_9712-e1530456796281-768x1152.jpg 768w, https:\/\/ecerfvelee.com\/site\/wp-content\/uploads\/2018\/07\/IMG_9712-e1530456796281.jpg 1333w\" sizes=\"auto, 100vw\" \/><\/a>\n\t\t\t<\/div>\n\t\t\t\t<figcaption class='wp-caption-text gallery-caption' id='gallery-2-256'>\n\t\t\t\tles \u00e9l\u00e8ves de l&rsquo;atelier d&rsquo;arts plastiques et leur oeuvre collective\n\t\t\t\t<\/figcaption><\/figure><figure class='gallery-item'>\n\t\t\t<div class='gallery-icon portrait'>\n\t\t\t\t<a href='https:\/\/ecerfvelee.com\/site\/projects\/img_0335\/'><img loading=\"lazy\" decoding=\"async\" width=\"525\" height=\"787\" src=\"https:\/\/ecerfvelee.com\/site\/wp-content\/uploads\/2018\/07\/IMG_0335-e1530456940686-683x1024.jpg\" class=\"attachment-large size-large\" alt=\"\" aria-describedby=\"gallery-2-249\" srcset=\"https:\/\/ecerfvelee.com\/site\/wp-content\/uploads\/2018\/07\/IMG_0335-e1530456940686-683x1024.jpg 683w, https:\/\/ecerfvelee.com\/site\/wp-content\/uploads\/2018\/07\/IMG_0335-e1530456940686-350x525.jpg 350w, https:\/\/ecerfvelee.com\/site\/wp-content\/uploads\/2018\/07\/IMG_0335-e1530456940686-200x300.jpg 200w, https:\/\/ecerfvelee.com\/site\/wp-content\/uploads\/2018\/07\/IMG_0335-e1530456940686-768x1152.jpg 768w\" sizes=\"auto, 100vw\" \/><\/a>\n\t\t\t<\/div>\n\t\t\t\t<figcaption class='wp-caption-text gallery-caption' id='gallery-2-249'>\n\t\t\t\tune sculpture monumentale\n\t\t\t\t<\/figcaption><\/figure><figure class='gallery-item'>\n\t\t\t<div class='gallery-icon landscape'>\n\t\t\t\t<a href='https:\/\/ecerfvelee.com\/site\/projects\/img_0327\/'><img loading=\"lazy\" decoding=\"async\" width=\"525\" height=\"350\" src=\"https:\/\/ecerfvelee.com\/site\/wp-content\/uploads\/2018\/07\/IMG_0327-1024x683.jpg\" class=\"attachment-large size-large\" alt=\"\" aria-describedby=\"gallery-2-248\" srcset=\"https:\/\/ecerfvelee.com\/site\/wp-content\/uploads\/2018\/07\/IMG_0327-1024x683.jpg 1024w, https:\/\/ecerfvelee.com\/site\/wp-content\/uploads\/2018\/07\/IMG_0327-e1530456955374-350x233.jpg 350w, https:\/\/ecerfvelee.com\/site\/wp-content\/uploads\/2018\/07\/IMG_0327-300x200.jpg 300w, https:\/\/ecerfvelee.com\/site\/wp-content\/uploads\/2018\/07\/IMG_0327-768x512.jpg 768w, https:\/\/ecerfvelee.com\/site\/wp-content\/uploads\/2018\/07\/IMG_0327-e1530456955374.jpg 2000w\" sizes=\"auto, 100vw\" \/><\/a>\n\t\t\t<\/div>\n\t\t\t\t<figcaption class='wp-caption-text gallery-caption' id='gallery-2-248'>\n\t\t\t\tMarina Zindy, c\u00e9ramiste et professeur d&rsquo;arts plastiques\n\t\t\t\t<\/figcaption><\/figure><figure class='gallery-item'>\n\t\t\t<div class='gallery-icon landscape'>\n\t\t\t\t<a href='https:\/\/ecerfvelee.com\/site\/projects\/img_9776\/'><img loading=\"lazy\" decoding=\"async\" width=\"525\" height=\"350\" src=\"https:\/\/ecerfvelee.com\/site\/wp-content\/uploads\/2018\/07\/IMG_9776-1024x683.jpg\" class=\"attachment-large size-large\" alt=\"\" aria-describedby=\"gallery-2-244\" srcset=\"https:\/\/ecerfvelee.com\/site\/wp-content\/uploads\/2018\/07\/IMG_9776-1024x683.jpg 1024w, https:\/\/ecerfvelee.com\/site\/wp-content\/uploads\/2018\/07\/IMG_9776-e1530457009630-350x233.jpg 350w, https:\/\/ecerfvelee.com\/site\/wp-content\/uploads\/2018\/07\/IMG_9776-300x200.jpg 300w, https:\/\/ecerfvelee.com\/site\/wp-content\/uploads\/2018\/07\/IMG_9776-768x512.jpg 768w, https:\/\/ecerfvelee.com\/site\/wp-content\/uploads\/2018\/07\/IMG_9776-e1530457009630.jpg 2000w\" sizes=\"auto, 100vw\" \/><\/a>\n\t\t\t<\/div>\n\t\t\t\t<figcaption class='wp-caption-text gallery-caption' id='gallery-2-244'>\n\t\t\t\tles \u00e9l\u00e8ves et Sangwoo Kim, c\u00e9ramiste\n\t\t\t\t<\/figcaption><\/figure><figure class='gallery-item'>\n\t\t\t<div class='gallery-icon portrait'>\n\t\t\t\t<a href='https:\/\/ecerfvelee.com\/site\/projects\/img_0591-copy\/'><img loading=\"lazy\" decoding=\"async\" width=\"525\" height=\"795\" src=\"https:\/\/ecerfvelee.com\/site\/wp-content\/uploads\/2018\/07\/IMG_0591-copy-676x1024.jpg\" class=\"attachment-large size-large\" alt=\"\" aria-describedby=\"gallery-2-263\" srcset=\"https:\/\/ecerfvelee.com\/site\/wp-content\/uploads\/2018\/07\/IMG_0591-copy-676x1024.jpg 676w, https:\/\/ecerfvelee.com\/site\/wp-content\/uploads\/2018\/07\/IMG_0591-copy-350x530.jpg 350w, https:\/\/ecerfvelee.com\/site\/wp-content\/uploads\/2018\/07\/IMG_0591-copy-198x300.jpg 198w, https:\/\/ecerfvelee.com\/site\/wp-content\/uploads\/2018\/07\/IMG_0591-copy-768x1163.jpg 768w\" sizes=\"auto, 100vw\" \/><\/a>\n\t\t\t<\/div>\n\t\t\t\t<figcaption class='wp-caption-text gallery-caption' id='gallery-2-263'>\n\t\t\t\tle cocon change de couleur gr\u00e2ce \u00e0 la barbotine\n\t\t\t\t<\/figcaption><\/figure><figure class='gallery-item'>\n\t\t\t<div class='gallery-icon portrait'>\n\t\t\t\t<a href='https:\/\/ecerfvelee.com\/site\/projects\/img_0591\/'><img loading=\"lazy\" decoding=\"async\" width=\"525\" height=\"788\" src=\"https:\/\/ecerfvelee.com\/site\/wp-content\/uploads\/2018\/07\/IMG_0591-e1530456859782-682x1024.jpg\" class=\"attachment-large size-large\" alt=\"argile sculpture c\u00e9ramique monumentale\" aria-describedby=\"gallery-2-254\" srcset=\"https:\/\/ecerfvelee.com\/site\/wp-content\/uploads\/2018\/07\/IMG_0591-e1530456859782-682x1024.jpg 682w, https:\/\/ecerfvelee.com\/site\/wp-content\/uploads\/2018\/07\/IMG_0591-e1530456859782-350x525.jpg 350w, https:\/\/ecerfvelee.com\/site\/wp-content\/uploads\/2018\/07\/IMG_0591-e1530456859782-200x300.jpg 200w, https:\/\/ecerfvelee.com\/site\/wp-content\/uploads\/2018\/07\/IMG_0591-e1530456859782-768x1152.jpg 768w, https:\/\/ecerfvelee.com\/site\/wp-content\/uploads\/2018\/07\/IMG_0591-e1530456859782.jpg 1333w\" sizes=\"auto, 100vw\" \/><\/a>\n\t\t\t<\/div>\n\t\t\t\t<figcaption class='wp-caption-text gallery-caption' id='gallery-2-254'>\n\t\t\t\tMarina Zindy, c\u00e9ramiste et professeur d&rsquo;arts plastiques\n\t\t\t\t<\/figcaption><\/figure>\n\t\t<\/div>\n\n<p><strong>Rebecca Maeder et Sangwoo Kim sont venus transmettre leur savoir-faire. Sangwoo Kim est venu les faire voyager en modelant mais surtout en parlant cor\u00e9en. Une aventure humaine et une bulle spatio-temporelle. Modeler, masser un volume qui prend corps comme une vague durant deux jours fut une exp\u00e9rience envo\u00fbtante.<\/strong><\/p>\n<figure id=\"attachment_253\" aria-describedby=\"caption-attachment-253\" style=\"width: 2000px\" class=\"wp-caption alignnone\"><img loading=\"lazy\" decoding=\"async\" class=\"wp-image-253 size-full\" src=\"http:\/\/ecerfvelee.com\/site\/wp-content\/uploads\/2018\/07\/IMG_0558-e1530457474900.jpg\" alt=\"\" width=\"2000\" height=\"1123\" srcset=\"https:\/\/ecerfvelee.com\/site\/wp-content\/uploads\/2018\/07\/IMG_0558-e1530457474900.jpg 2000w, https:\/\/ecerfvelee.com\/site\/wp-content\/uploads\/2018\/07\/IMG_0558-e1530457474900-350x197.jpg 350w\" sizes=\"auto, (max-width: 767px) 89vw, (max-width: 1000px) 54vw, (max-width: 1071px) 543px, 580px\" \/><figcaption id=\"caption-attachment-253\" class=\"wp-caption-text\"><strong>La cr\u00e9ation au coeur du coll\u00e8ge.<\/strong><\/figcaption><\/figure>\n<p><strong>Apr\u00e8s les deux jours de modelage avec les \u00e9l\u00e8ves de l&rsquo;Atelier, pr\u00e8s de la moiti\u00e9 des \u00e9l\u00e8ves du coll\u00e8ge ont eu leurs mots \u00e0 dire. Soit pr\u00e8s de deux cents \u00e9l\u00e8ves qui ont pu graver dans l&rsquo;argile, des phrases en fran\u00e7ais, grec, anglais, allemand, espagnol, en russe et en cor\u00e9en. Ces textes ont pour sujet le \u00ab\u00a0voyage dans tous ses \u00e9tats : voyager pour se d\u00e9couvrir soi-m\u00eame, pour rencontrer les autres, pour travailler, pour sauver sa vie\u00a0\u00bb, th\u00e8me du projet Erasmus +, France-Gr\u00e8ce 2017\/19.<\/strong><\/p>\n<div id='gallery-3' class='gallery galleryid-355 gallery-columns-2 gallery-size-large'><figure class='gallery-item'>\n\t\t\t<div class='gallery-icon portrait'>\n\t\t\t\t<a href='https:\/\/ecerfvelee.com\/site\/projects\/img_9771\/'><img loading=\"lazy\" decoding=\"async\" width=\"525\" height=\"788\" src=\"https:\/\/ecerfvelee.com\/site\/wp-content\/uploads\/2018\/07\/IMG_9771-e1530456683566-682x1024.jpg\" class=\"attachment-large size-large\" alt=\"\" srcset=\"https:\/\/ecerfvelee.com\/site\/wp-content\/uploads\/2018\/07\/IMG_9771-e1530456683566-682x1024.jpg 682w, https:\/\/ecerfvelee.com\/site\/wp-content\/uploads\/2018\/07\/IMG_9771-e1530456683566-350x525.jpg 350w, https:\/\/ecerfvelee.com\/site\/wp-content\/uploads\/2018\/07\/IMG_9771-e1530456683566-200x300.jpg 200w, https:\/\/ecerfvelee.com\/site\/wp-content\/uploads\/2018\/07\/IMG_9771-e1530456683566-768x1152.jpg 768w, https:\/\/ecerfvelee.com\/site\/wp-content\/uploads\/2018\/07\/IMG_9771-e1530456683566.jpg 1333w\" sizes=\"auto, 100vw\" \/><\/a>\n\t\t\t<\/div><\/figure><figure class='gallery-item'>\n\t\t\t<div class='gallery-icon portrait'>\n\t\t\t\t<a href='https:\/\/ecerfvelee.com\/site\/projects\/img_9758\/'><img loading=\"lazy\" decoding=\"async\" width=\"525\" height=\"787\" src=\"https:\/\/ecerfvelee.com\/site\/wp-content\/uploads\/2018\/07\/IMG_9758-e1530456726393-683x1024.jpg\" class=\"attachment-large size-large\" alt=\"\" srcset=\"https:\/\/ecerfvelee.com\/site\/wp-content\/uploads\/2018\/07\/IMG_9758-e1530456726393-683x1024.jpg 683w, https:\/\/ecerfvelee.com\/site\/wp-content\/uploads\/2018\/07\/IMG_9758-e1530456726393-200x300.jpg 200w, https:\/\/ecerfvelee.com\/site\/wp-content\/uploads\/2018\/07\/IMG_9758-e1530456726393-768x1152.jpg 768w\" sizes=\"auto, 100vw\" \/><\/a>\n\t\t\t<\/div><\/figure><figure class='gallery-item'>\n\t\t\t<div class='gallery-icon landscape'>\n\t\t\t\t<a href='https:\/\/ecerfvelee.com\/site\/projects\/img_9764\/'><img loading=\"lazy\" decoding=\"async\" width=\"525\" height=\"350\" src=\"https:\/\/ecerfvelee.com\/site\/wp-content\/uploads\/2018\/07\/IMG_9764-1024x683.jpg\" class=\"attachment-large size-large\" alt=\"\" srcset=\"https:\/\/ecerfvelee.com\/site\/wp-content\/uploads\/2018\/07\/IMG_9764-1024x683.jpg 1024w, https:\/\/ecerfvelee.com\/site\/wp-content\/uploads\/2018\/07\/IMG_9764-e1530456695177-350x233.jpg 350w, https:\/\/ecerfvelee.com\/site\/wp-content\/uploads\/2018\/07\/IMG_9764-300x200.jpg 300w, https:\/\/ecerfvelee.com\/site\/wp-content\/uploads\/2018\/07\/IMG_9764-768x512.jpg 768w, https:\/\/ecerfvelee.com\/site\/wp-content\/uploads\/2018\/07\/IMG_9764-e1530456695177.jpg 2000w\" sizes=\"auto, 100vw\" \/><\/a>\n\t\t\t<\/div><\/figure><figure class='gallery-item'>\n\t\t\t<div class='gallery-icon landscape'>\n\t\t\t\t<a href='https:\/\/ecerfvelee.com\/site\/projects\/img_3199\/'><img loading=\"lazy\" decoding=\"async\" width=\"525\" height=\"350\" src=\"https:\/\/ecerfvelee.com\/site\/wp-content\/uploads\/2018\/07\/IMG_3199-1024x683.jpg\" class=\"attachment-large size-large\" alt=\"\" srcset=\"https:\/\/ecerfvelee.com\/site\/wp-content\/uploads\/2018\/07\/IMG_3199-1024x683.jpg 1024w, https:\/\/ecerfvelee.com\/site\/wp-content\/uploads\/2018\/07\/IMG_3199-e1530456841343-350x233.jpg 350w, https:\/\/ecerfvelee.com\/site\/wp-content\/uploads\/2018\/07\/IMG_3199-300x200.jpg 300w, https:\/\/ecerfvelee.com\/site\/wp-content\/uploads\/2018\/07\/IMG_3199-768x512.jpg 768w\" sizes=\"auto, 100vw\" \/><\/a>\n\t\t\t<\/div><\/figure>\n\t\t<\/div>\n\n<p><iframe loading=\"lazy\" title=\"Le Temps de la terre, prix de l&#039;Audace Artistique 2018\" width=\"525\" height=\"295\" src=\"https:\/\/www.youtube.com\/embed\/WlmuHg02wKM?feature=oembed\" frameborder=\"0\" allow=\"accelerometer; autoplay; clipboard-write; encrypted-media; gyroscope; picture-in-picture; web-share\" referrerpolicy=\"strict-origin-when-cross-origin\" allowfullscreen><\/iframe><\/p>\n<p><strong><span style=\"color: #000000;\"><span style=\"font-family: Times New Roman, serif;\"><span style=\"font-size: medium;\">Le coll\u00e8ge de Giromagny est jumel\u00e9 \u00e0 celui de Larissa. Les correspondants grecs ont pu venir en France en mai 2018 et une soir\u00e9e m\u00e9morable \u00e0 eu lieu le 30 avril 2018. <\/span><\/span><\/span><\/strong><\/p>\n<p><strong><span style=\"color: #000000;\"><span style=\"font-family: Times New Roman, serif;\"><span style=\"font-size: medium;\">Un spectacle a \u00e9t\u00e9 organis\u00e9 avec un grand nombre d&rsquo;\u00e9l\u00e8ves et de professeurs puis la soir\u00e9e s&rsquo;est prolong\u00e9e au coll\u00e8ge o\u00f9 trois feux ont \u00e9t\u00e9 allum\u00e9s pour cuire les c\u00e9ramiques avec les artistes.<\/span><\/span><\/span><\/strong><\/p>\n<div id='gallery-4' class='gallery galleryid-355 gallery-columns-2 gallery-size-medium'><figure class='gallery-item'>\n\t\t\t<div class='gallery-icon landscape'>\n\t\t\t\t<a href='https:\/\/ecerfvelee.com\/site\/projects\/img_6403\/'><img loading=\"lazy\" decoding=\"async\" width=\"300\" height=\"200\" src=\"https:\/\/ecerfvelee.com\/site\/wp-content\/uploads\/2018\/07\/IMG_6403-300x200.jpg\" class=\"attachment-medium size-medium\" alt=\"\" srcset=\"https:\/\/ecerfvelee.com\/site\/wp-content\/uploads\/2018\/07\/IMG_6403-300x200.jpg 300w, https:\/\/ecerfvelee.com\/site\/wp-content\/uploads\/2018\/07\/IMG_6403-e1530478306148-350x233.jpg 350w, https:\/\/ecerfvelee.com\/site\/wp-content\/uploads\/2018\/07\/IMG_6403-768x512.jpg 768w, https:\/\/ecerfvelee.com\/site\/wp-content\/uploads\/2018\/07\/IMG_6403-1024x683.jpg 1024w, https:\/\/ecerfvelee.com\/site\/wp-content\/uploads\/2018\/07\/IMG_6403-e1530478306148.jpg 2000w\" sizes=\"auto, 100vw\" \/><\/a>\n\t\t\t<\/div><\/figure><figure class='gallery-item'>\n\t\t\t<div class='gallery-icon landscape'>\n\t\t\t\t<a href='https:\/\/ecerfvelee.com\/site\/projects\/img_6406\/'><img loading=\"lazy\" decoding=\"async\" width=\"300\" height=\"200\" src=\"https:\/\/ecerfvelee.com\/site\/wp-content\/uploads\/2018\/07\/IMG_6406-300x200.jpg\" class=\"attachment-medium size-medium\" alt=\"\" srcset=\"https:\/\/ecerfvelee.com\/site\/wp-content\/uploads\/2018\/07\/IMG_6406-300x200.jpg 300w, https:\/\/ecerfvelee.com\/site\/wp-content\/uploads\/2018\/07\/IMG_6406-e1530478292115-350x233.jpg 350w, https:\/\/ecerfvelee.com\/site\/wp-content\/uploads\/2018\/07\/IMG_6406-768x512.jpg 768w, https:\/\/ecerfvelee.com\/site\/wp-content\/uploads\/2018\/07\/IMG_6406-1024x683.jpg 1024w, https:\/\/ecerfvelee.com\/site\/wp-content\/uploads\/2018\/07\/IMG_6406-e1530478292115.jpg 2000w\" sizes=\"auto, 100vw\" \/><\/a>\n\t\t\t<\/div><\/figure>\n\t\t<\/div>\n\n<p><strong><span style=\"color: #000000;\"><span style=\"font-family: Times New Roman, serif;\"><span style=\"font-size: medium;\">Le feu sur terre pour m\u00e9tamorphoser la mati\u00e8re et le feu dans le ciel pour rejoindre les \u00e9toiles.<\/span><\/span><\/span><\/strong><\/p>\n<p><strong><span style=\"color: #000000;\"><span style=\"font-family: Times New Roman, serif;\"><span style=\"font-size: medium;\">Des lanternes c\u00e9lestes ont \u00e9t\u00e9 allum\u00e9es et se sont envol\u00e9es dans la nuit sous les yeux \u00e9merveill\u00e9s de tous.<\/span><\/span><\/span><\/strong><\/p>\n<figure id=\"attachment_276\" aria-describedby=\"caption-attachment-276\" style=\"width: 2000px\" class=\"wp-caption alignnone\"><img loading=\"lazy\" decoding=\"async\" class=\"wp-image-276 size-full\" src=\"http:\/\/ecerfvelee.com\/site\/wp-content\/uploads\/2018\/07\/college-041-1-e1530478037537.jpg\" alt=\"\" width=\"2000\" height=\"1334\" srcset=\"https:\/\/ecerfvelee.com\/site\/wp-content\/uploads\/2018\/07\/college-041-1-e1530478037537.jpg 2000w, https:\/\/ecerfvelee.com\/site\/wp-content\/uploads\/2018\/07\/college-041-1-e1530478037537-350x233.jpg 350w\" sizes=\"auto, (max-width: 767px) 89vw, (max-width: 1000px) 54vw, (max-width: 1071px) 543px, 580px\" \/><figcaption id=\"caption-attachment-276\" class=\"wp-caption-text\">Les lanternes photographi\u00e9es par O. Schnoebelen de L&rsquo;Est R\u00e9publicain.<\/figcaption><\/figure>\n<h3><img loading=\"lazy\" decoding=\"async\" class=\"alignleft size-large wp-image-618\" src=\"http:\/\/ecerfvelee.com\/site\/wp-content\/uploads\/2018\/07\/article-de-presse-cocon-modelage-983x1024.jpg\" alt=\"\" width=\"525\" height=\"547\" srcset=\"https:\/\/ecerfvelee.com\/site\/wp-content\/uploads\/2018\/07\/article-de-presse-cocon-modelage-983x1024.jpg 983w, https:\/\/ecerfvelee.com\/site\/wp-content\/uploads\/2018\/07\/article-de-presse-cocon-modelage-350x365.jpg 350w, https:\/\/ecerfvelee.com\/site\/wp-content\/uploads\/2018\/07\/article-de-presse-cocon-modelage-288x300.jpg 288w, https:\/\/ecerfvelee.com\/site\/wp-content\/uploads\/2018\/07\/article-de-presse-cocon-modelage-768x800.jpg 768w\" sizes=\"auto, (max-width: 525px) 100vw, 525px\" \/><\/h3>\n<h3>\u00a0<\/h3>\n<h3><strong>Les sph\u00e8res<\/strong><\/h3>\n<figure id=\"attachment_281\" aria-describedby=\"caption-attachment-281\" style=\"width: 1000px\" class=\"wp-caption alignnone\"><img loading=\"lazy\" decoding=\"async\" class=\"wp-image-281 size-full\" src=\"http:\/\/ecerfvelee.com\/site\/wp-content\/uploads\/2018\/07\/IMG_6345-e1530478736273.jpg\" alt=\"\" width=\"1000\" height=\"561\" srcset=\"https:\/\/ecerfvelee.com\/site\/wp-content\/uploads\/2018\/07\/IMG_6345-e1530478736273.jpg 1000w, https:\/\/ecerfvelee.com\/site\/wp-content\/uploads\/2018\/07\/IMG_6345-e1530478736273-350x196.jpg 350w\" sizes=\"auto, (max-width: 767px) 89vw, (max-width: 1000px) 54vw, (max-width: 1071px) 543px, 580px\" \/><figcaption id=\"caption-attachment-281\" class=\"wp-caption-text\"><strong>Lauriane Firoben, les deux fours papiers et le coll\u00e8ge de Giromagny<\/strong><\/figcaption><\/figure>\n<p><strong>Deux autres classe de 4\u00e8me ont pu travailler sur ce projet pluridisciplinaire que j&rsquo;ai mis en place. J&rsquo;ai fait la rencontre de la c\u00e9ramiste Lauriane Firoben et c&rsquo;est avec elle que nous avons travaill\u00e9 durant pr\u00e8s d&rsquo;un an pour r\u00e9aliser soixante sph\u00e8res en argiles sigill\u00e9es avec soixante \u00e9l\u00e8ves.<\/strong><\/p>\n<p><strong>Ces sph\u00e8res graviteront autour des cocons comme un syst\u00e8me solaire.<\/strong><\/p>\n<p><strong>L&rsquo;enfant qui prend place dans le cocon se trouve au centre d&rsquo;un monde, le centre d&rsquo;un univers. Trouver son propre centre.\u00a0<\/strong><strong style=\"font-size: 1rem;\">Se concentrer pour mieux s&rsquo;ouvrir aux autres.\u00a0<\/strong><\/p>\n<p><img loading=\"lazy\" decoding=\"async\" class=\"alignnone size-full wp-image-227\" src=\"http:\/\/ecerfvelee.com\/site\/wp-content\/uploads\/2018\/07\/IMG_0370.png\" alt=\"\" width=\"1024\" height=\"768\" srcset=\"https:\/\/ecerfvelee.com\/site\/wp-content\/uploads\/2018\/07\/IMG_0370.png 1024w, https:\/\/ecerfvelee.com\/site\/wp-content\/uploads\/2018\/07\/IMG_0370-350x263.png 350w, https:\/\/ecerfvelee.com\/site\/wp-content\/uploads\/2018\/07\/IMG_0370-300x225.png 300w, https:\/\/ecerfvelee.com\/site\/wp-content\/uploads\/2018\/07\/IMG_0370-768x576.png 768w\" sizes=\"auto, (max-width: 767px) 89vw, (max-width: 1000px) 54vw, (max-width: 1071px) 543px, 580px\" \/><\/p>\n<p><strong>Les \u00e9l\u00e8ves ont d&rsquo;abord cherch\u00e9 de l&rsquo;argile dans leur environnement proche, dans le bois \u00e0 cot\u00e9 du coll\u00e8ge. Ils l&rsquo;ont fait d\u00e9canter en cours de Physiques-Chimie puis l&rsquo;ont utilis\u00e9e en cours d&rsquo;Arts Plastiques pour obtenir une argile sigill\u00e9e.<\/strong><\/p>\n<div id='gallery-5' class='gallery galleryid-355 gallery-columns-3 gallery-size-medium'><figure class='gallery-item'>\n\t\t\t<div class='gallery-icon portrait'>\n\t\t\t\t<a href='https:\/\/ecerfvelee.com\/site\/projects\/img_5167\/'><img loading=\"lazy\" decoding=\"async\" width=\"200\" height=\"300\" src=\"https:\/\/ecerfvelee.com\/site\/wp-content\/uploads\/2018\/07\/IMG_5167-e1530480048644-200x300.jpg\" class=\"attachment-medium size-medium\" alt=\"\" aria-describedby=\"gallery-5-283\" srcset=\"https:\/\/ecerfvelee.com\/site\/wp-content\/uploads\/2018\/07\/IMG_5167-e1530480048644-200x300.jpg 200w, https:\/\/ecerfvelee.com\/site\/wp-content\/uploads\/2018\/07\/IMG_5167-e1530480048644-350x526.jpg 350w, https:\/\/ecerfvelee.com\/site\/wp-content\/uploads\/2018\/07\/IMG_5167-e1530480048644-768x1153.jpg 768w, https:\/\/ecerfvelee.com\/site\/wp-content\/uploads\/2018\/07\/IMG_5167-e1530480048644-682x1024.jpg 682w\" sizes=\"auto, 100vw\" \/><\/a>\n\t\t\t<\/div>\n\t\t\t\t<figcaption class='wp-caption-text gallery-caption' id='gallery-5-283'>\n\t\t\t\tmodelage\n\t\t\t\t<\/figcaption><\/figure><figure class='gallery-item'>\n\t\t\t<div class='gallery-icon portrait'>\n\t\t\t\t<a href='https:\/\/ecerfvelee.com\/site\/projects\/img_8436\/'><img loading=\"lazy\" decoding=\"async\" width=\"200\" height=\"300\" src=\"https:\/\/ecerfvelee.com\/site\/wp-content\/uploads\/2018\/07\/IMG_8436-e1530481316407-200x300.jpg\" class=\"attachment-medium size-medium\" alt=\"\" srcset=\"https:\/\/ecerfvelee.com\/site\/wp-content\/uploads\/2018\/07\/IMG_8436-e1530481316407-200x300.jpg 200w, https:\/\/ecerfvelee.com\/site\/wp-content\/uploads\/2018\/07\/IMG_8436-e1530481316407-768x1152.jpg 768w, https:\/\/ecerfvelee.com\/site\/wp-content\/uploads\/2018\/07\/IMG_8436-e1530481316407-683x1024.jpg 683w\" sizes=\"auto, 100vw\" \/><\/a>\n\t\t\t<\/div><\/figure><figure class='gallery-item'>\n\t\t\t<div class='gallery-icon portrait'>\n\t\t\t\t<a href='https:\/\/ecerfvelee.com\/site\/projects\/img_9118\/'><img loading=\"lazy\" decoding=\"async\" width=\"200\" height=\"300\" src=\"https:\/\/ecerfvelee.com\/site\/wp-content\/uploads\/2018\/07\/IMG_9118-e1530480037129-200x300.jpg\" class=\"attachment-medium size-medium\" alt=\"\" aria-describedby=\"gallery-5-284\" srcset=\"https:\/\/ecerfvelee.com\/site\/wp-content\/uploads\/2018\/07\/IMG_9118-e1530480037129-200x300.jpg 200w, https:\/\/ecerfvelee.com\/site\/wp-content\/uploads\/2018\/07\/IMG_9118-e1530480037129-350x525.jpg 350w, https:\/\/ecerfvelee.com\/site\/wp-content\/uploads\/2018\/07\/IMG_9118-e1530480037129-768x1152.jpg 768w, https:\/\/ecerfvelee.com\/site\/wp-content\/uploads\/2018\/07\/IMG_9118-e1530480037129-683x1024.jpg 683w\" sizes=\"auto, 100vw\" \/><\/a>\n\t\t\t<\/div>\n\t\t\t\t<figcaption class='wp-caption-text gallery-caption' id='gallery-5-284'>\n\t\t\t\tl&rsquo;argile est d\u00e9cant\u00e9e et utilis\u00e9e comme engobe\n\t\t\t\t<\/figcaption><\/figure>\n\t\t<\/div>\n\n<p><a href=\"https:\/\/view.genial.ly\/5a04c19f21cf3624786f8630\/arts-et-sciences-a-la-recherche-\"><strong>https:\/\/editor.genial.ly\/Editor\/Index\/5a04c19f21cf3624786f8630<\/strong><\/a><\/p>\n<p><strong>Le moment le plus fascinant fut la cuisson des c\u00e9ramiques lors de cette fameuse soir\u00e9e.<\/strong><\/p>\n<p><strong>Lauriane Firoben a \u00e9rig\u00e9 deux fours papiers avec les \u00e9l\u00e8ves grecs et fran\u00e7ais durant la journ\u00e9e.<\/strong><\/p>\n<p><strong>Ils ont crach\u00e9 leur flammes et leur fum\u00e9e \u00e0 la nuit tomb\u00e9e tel des dragons \u00e9ph\u00e9m\u00e8res qui nous ont offerts des perles multicolores dans la nuit. Ces perles sont des plan\u00e8tes aux multiples nuances, r\u00e9v\u00e9l\u00e9es au contact des cendres, de la sciure et du sable \u00e0 la cuisson au feu de bois.<\/strong><\/p>\n<div id='gallery-6' class='gallery galleryid-355 gallery-columns-3 gallery-size-thumbnail'><figure class='gallery-item'>\n\t\t\t<div class='gallery-icon landscape'>\n\t\t\t\t<a href='https:\/\/ecerfvelee.com\/site\/projects\/img_6192\/'><img loading=\"lazy\" decoding=\"async\" width=\"150\" height=\"150\" src=\"https:\/\/ecerfvelee.com\/site\/wp-content\/uploads\/2018\/07\/IMG_6192-150x150.jpg\" class=\"attachment-thumbnail size-thumbnail\" alt=\"\" srcset=\"https:\/\/ecerfvelee.com\/site\/wp-content\/uploads\/2018\/07\/IMG_6192-150x150.jpg 150w, https:\/\/ecerfvelee.com\/site\/wp-content\/uploads\/2018\/07\/IMG_6192-e1530481049681-250x250.jpg 250w, https:\/\/ecerfvelee.com\/site\/wp-content\/uploads\/2018\/07\/IMG_6192-100x100.jpg 100w\" sizes=\"auto, 100vw\" \/><\/a>\n\t\t\t<\/div><\/figure><figure class='gallery-item'>\n\t\t\t<div class='gallery-icon landscape'>\n\t\t\t\t<a href='https:\/\/ecerfvelee.com\/site\/projects\/img_6291\/'><img loading=\"lazy\" decoding=\"async\" width=\"150\" height=\"150\" src=\"https:\/\/ecerfvelee.com\/site\/wp-content\/uploads\/2018\/07\/IMG_6291-150x150.jpg\" class=\"attachment-thumbnail size-thumbnail\" alt=\"\" srcset=\"https:\/\/ecerfvelee.com\/site\/wp-content\/uploads\/2018\/07\/IMG_6291-150x150.jpg 150w, https:\/\/ecerfvelee.com\/site\/wp-content\/uploads\/2018\/07\/IMG_6291-e1530481015606-250x250.jpg 250w, https:\/\/ecerfvelee.com\/site\/wp-content\/uploads\/2018\/07\/IMG_6291-100x100.jpg 100w\" sizes=\"auto, 100vw\" \/><\/a>\n\t\t\t<\/div><\/figure><figure class='gallery-item'>\n\t\t\t<div class='gallery-icon portrait'>\n\t\t\t\t<a href='https:\/\/ecerfvelee.com\/site\/projects\/img_6359\/'><img loading=\"lazy\" decoding=\"async\" width=\"150\" height=\"150\" src=\"https:\/\/ecerfvelee.com\/site\/wp-content\/uploads\/2018\/07\/IMG_6359-e1530481093591-150x150.jpg\" class=\"attachment-thumbnail size-thumbnail\" alt=\"\" srcset=\"https:\/\/ecerfvelee.com\/site\/wp-content\/uploads\/2018\/07\/IMG_6359-e1530481093591-150x150.jpg 150w, https:\/\/ecerfvelee.com\/site\/wp-content\/uploads\/2018\/07\/IMG_6359-e1530481093591-100x100.jpg 100w\" sizes=\"auto, 100vw\" \/><\/a>\n\t\t\t<\/div><\/figure><figure class='gallery-item'>\n\t\t\t<div class='gallery-icon portrait'>\n\t\t\t\t<a href='https:\/\/ecerfvelee.com\/site\/projects\/img_6182\/'><img loading=\"lazy\" decoding=\"async\" width=\"150\" height=\"150\" src=\"https:\/\/ecerfvelee.com\/site\/wp-content\/uploads\/2018\/07\/IMG_6182-e1530481205673-150x150.jpg\" class=\"attachment-thumbnail size-thumbnail\" alt=\"\" srcset=\"https:\/\/ecerfvelee.com\/site\/wp-content\/uploads\/2018\/07\/IMG_6182-e1530481205673-150x150.jpg 150w, https:\/\/ecerfvelee.com\/site\/wp-content\/uploads\/2018\/07\/IMG_6182-e1530481205673-100x100.jpg 100w\" sizes=\"auto, 100vw\" \/><\/a>\n\t\t\t<\/div><\/figure><figure class='gallery-item'>\n\t\t\t<div class='gallery-icon portrait'>\n\t\t\t\t<a href='https:\/\/ecerfvelee.com\/site\/projects\/img_6435\/'><img loading=\"lazy\" decoding=\"async\" width=\"150\" height=\"150\" src=\"https:\/\/ecerfvelee.com\/site\/wp-content\/uploads\/2018\/07\/IMG_6435-150x150.jpg\" class=\"attachment-thumbnail size-thumbnail\" alt=\"\" srcset=\"https:\/\/ecerfvelee.com\/site\/wp-content\/uploads\/2018\/07\/IMG_6435-150x150.jpg 150w, https:\/\/ecerfvelee.com\/site\/wp-content\/uploads\/2018\/07\/IMG_6435-e1530481059510-250x250.jpg 250w, https:\/\/ecerfvelee.com\/site\/wp-content\/uploads\/2018\/07\/IMG_6435-100x100.jpg 100w\" sizes=\"auto, 100vw\" \/><\/a>\n\t\t\t<\/div><\/figure><figure class='gallery-item'>\n\t\t\t<div class='gallery-icon portrait'>\n\t\t\t\t<a href='https:\/\/ecerfvelee.com\/site\/projects\/img_0033\/'><img loading=\"lazy\" decoding=\"async\" width=\"150\" height=\"150\" src=\"https:\/\/ecerfvelee.com\/site\/wp-content\/uploads\/2018\/07\/IMG_0033-e1530481069950-150x150.jpg\" class=\"attachment-thumbnail size-thumbnail\" alt=\"\" srcset=\"https:\/\/ecerfvelee.com\/site\/wp-content\/uploads\/2018\/07\/IMG_0033-e1530481069950-150x150.jpg 150w, https:\/\/ecerfvelee.com\/site\/wp-content\/uploads\/2018\/07\/IMG_0033-e1530481069950-100x100.jpg 100w\" sizes=\"auto, 100vw\" \/><\/a>\n\t\t\t<\/div><\/figure>\n\t\t<\/div>\n\n<p><strong>Deux des cocons ont \u00e9t\u00e9 br\u00fbl\u00e9s une seconde fois.<\/strong><\/p>\n<p><strong>Apr\u00e8s la premi\u00e8re cuisson au gaz \u00e0 1 000 degr\u00e9s dans le four professionnel de La Fa\u00efencerie de la Doller <a href=\"http:\/\/faiencerie-doller.com\/\">http:\/\/faiencerie-doller.com\/<\/a>, Sangwoo Kim et Rebecca Maeder ont pu les recouvrir de deux st\u00e8res de bois au fond d&rsquo;une fosse de deux m\u00e8tres de profondeur.<\/strong><\/p>\n<div id='gallery-7' class='gallery galleryid-355 gallery-columns-3 gallery-size-thumbnail'><figure class='gallery-item'>\n\t\t\t<div class='gallery-icon landscape'>\n\t\t\t\t<a href='https:\/\/ecerfvelee.com\/site\/projects\/img_6334\/'><img loading=\"lazy\" decoding=\"async\" width=\"150\" height=\"150\" src=\"https:\/\/ecerfvelee.com\/site\/wp-content\/uploads\/2018\/07\/IMG_6334-150x150.jpg\" class=\"attachment-thumbnail size-thumbnail\" alt=\"\" srcset=\"https:\/\/ecerfvelee.com\/site\/wp-content\/uploads\/2018\/07\/IMG_6334-150x150.jpg 150w, https:\/\/ecerfvelee.com\/site\/wp-content\/uploads\/2018\/07\/IMG_6334-e1530481038132-250x250.jpg 250w, https:\/\/ecerfvelee.com\/site\/wp-content\/uploads\/2018\/07\/IMG_6334-100x100.jpg 100w\" sizes=\"auto, 100vw\" \/><\/a>\n\t\t\t<\/div><\/figure><figure class='gallery-item'>\n\t\t\t<div class='gallery-icon landscape'>\n\t\t\t\t<a href='https:\/\/ecerfvelee.com\/site\/projects\/img_6325\/'><img loading=\"lazy\" decoding=\"async\" width=\"150\" height=\"150\" src=\"https:\/\/ecerfvelee.com\/site\/wp-content\/uploads\/2018\/07\/IMG_6325-150x150.jpg\" class=\"attachment-thumbnail size-thumbnail\" alt=\"\" srcset=\"https:\/\/ecerfvelee.com\/site\/wp-content\/uploads\/2018\/07\/IMG_6325-150x150.jpg 150w, https:\/\/ecerfvelee.com\/site\/wp-content\/uploads\/2018\/07\/IMG_6325-e1530481026178-250x250.jpg 250w, https:\/\/ecerfvelee.com\/site\/wp-content\/uploads\/2018\/07\/IMG_6325-100x100.jpg 100w\" sizes=\"auto, 100vw\" \/><\/a>\n\t\t\t<\/div><\/figure><figure class='gallery-item'>\n\t\t\t<div class='gallery-icon landscape'>\n\t\t\t\t<a href='https:\/\/ecerfvelee.com\/site\/projects\/img_6421\/'><img loading=\"lazy\" decoding=\"async\" width=\"150\" height=\"150\" src=\"https:\/\/ecerfvelee.com\/site\/wp-content\/uploads\/2018\/07\/IMG_6421-150x150.jpg\" class=\"attachment-thumbnail size-thumbnail\" alt=\"\" srcset=\"https:\/\/ecerfvelee.com\/site\/wp-content\/uploads\/2018\/07\/IMG_6421-150x150.jpg 150w, https:\/\/ecerfvelee.com\/site\/wp-content\/uploads\/2018\/07\/IMG_6421-e1530481003126-250x250.jpg 250w, https:\/\/ecerfvelee.com\/site\/wp-content\/uploads\/2018\/07\/IMG_6421-100x100.jpg 100w\" sizes=\"auto, 100vw\" \/><\/a>\n\t\t\t<\/div><\/figure>\n\t\t<\/div>\n\n<p><strong>Merci \u00e0 M. Mateus pour sa pr\u00e9cieuse aide durant toutes ces ann\u00e9es et pour nous avoir trouv\u00e9 la solution quant \u00e0 la r\u00e9alisation de cette fosse\u00a0!<\/strong><\/p>\n<p><strong>La qualit\u00e9 et le grand nombre des c\u00e9ramiques r\u00e9alis\u00e9es durant cette ann\u00e9e m&rsquo;a permis de concevoir un lieu d&rsquo;exposition \u00e0 la hauteur de ces \u0153uvres d&rsquo;art.<\/strong><\/p>\n<p><strong>J&rsquo;ai donc imagin\u00e9 les installer en plein-air dans un futur jardin au sein du coll\u00e8ge.<\/strong><\/p>\n<p><strong>Le Principal du coll\u00e8ge M. Sirantoine, qui avait d\u00e9j\u00e0 donn\u00e9 les autorisations pour les cuissons et les feux dans la cour, a r\u00e9ussi \u00e0 trouver un espace ad\u00e9quat.<\/strong><\/p>\n<p><strong>Ce projet de jardin m&rsquo;occupera durant bien quatre ans car il s&rsquo;agit en r\u00e9alit\u00e9 de quatre jardins\u00a0:<\/strong><\/p>\n<ul>\n<li><strong>l&rsquo;argile humide\/le jardin d&rsquo;eau, la mare p\u00e9dagogique<\/strong><\/li>\n<li><strong>l&rsquo;argile solide\/le jardin de terre, le potager et le Paradis<\/strong><\/li>\n<li><strong>l&rsquo;argile cuite\/le jardin de feu, la grotte et les Enfers<\/strong><\/li>\n<li><strong>L&rsquo;argile et l&rsquo;air\/le jardin musical, le dragon protecteur<\/strong><\/li>\n<\/ul>\n<p><strong>Une nouvelle collaboration avec l&rsquo;Universit\u00e9 de Lampung en Indon\u00e9sie permettrait d&rsquo;\u00e9largir les horizons et d&rsquo;\u00e9tudier les \u00e9cosyst\u00e8mes marins et ceux des mangroves dans un souci d&rsquo;ouvertures culturelle et scientifique qui prolongera le projet Arts et Sciences\u00a0: \u00ab\u00a0L&rsquo;Homme-Nature\u00a0\u00bb.<\/strong><\/p>\n<p><strong>Mais pour r\u00e9ussir un tel pari, il faut \u00eatre soutenue et trouver les financements.<\/strong><\/p>\n<p><strong>C&rsquo;est pourquoi je remercie mes chers coll\u00e8gues qui m&rsquo;ont fait confiance et qui ont permis de croiser nos diff\u00e9rentes disciplines pour donner une belle coh\u00e9rence et un rayonnement international.<\/strong><\/p>\n<p><strong>Je remercie la direction d&rsquo;avoir organis\u00e9\/d\u00e9sorganis\u00e9 les 55 minutes\/semaine r\u00e9glementaires en une rencontre humaine souple et intense.<\/strong><\/p>\n<p><strong>Je remercie les artistes pour leur investissement.<\/strong><\/p>\n<p><strong> Je remercie bien \u00e9videmment mes chers \u00e9l\u00e8ves d&rsquo;avoir si bien travaill\u00e9 et d&rsquo;avoir r\u00e9alis\u00e9 ensemble ce projet d&rsquo;envergure.<\/strong><\/p>\n<p><strong>Quand au financements, outre la participation du Conseil d\u00e9partemental et de la DRAC dans le cadre de culture coll\u00e8ge&#8230;nous avons eu un tr\u00e8s beau coup de pouce le <a href=\"http:\/\/ecerfvelee.com\/site\/prix-de-laudace-artistique\/\">29\/06\/2018\u00a0!<\/a><\/strong><\/p>\n<p><img loading=\"lazy\" decoding=\"async\" class=\"alignnone size-full wp-image-344\" src=\"http:\/\/ecerfvelee.com\/site\/wp-content\/uploads\/2018\/07\/article-cocon.jpg\" alt=\"\" width=\"752\" height=\"459\" srcset=\"https:\/\/ecerfvelee.com\/site\/wp-content\/uploads\/2018\/07\/article-cocon.jpg 752w, https:\/\/ecerfvelee.com\/site\/wp-content\/uploads\/2018\/07\/article-cocon-350x214.jpg 350w, https:\/\/ecerfvelee.com\/site\/wp-content\/uploads\/2018\/07\/article-cocon-300x183.jpg 300w\" sizes=\"auto, (max-width: 706px) 89vw, (max-width: 767px) 82vw, 740px\" \/><\/p>\n<p>Article sur le site acad\u00e9mique: <a href=\"http:\/\/www.ac-besancon.fr\/spip.php?article7654\">http:\/\/www.ac-besancon.fr\/spip.php?article7654<\/a><\/p>\n<p><span style=\"font-size: 18pt;\"><strong>En effet le coll\u00e8ge Val de Rosemont de Giromagny est le laur\u00e9at 2018 du Prix de l\u2019Audace artistique et culturelle de la Fondation Culture &amp; Diversit\u00e9 \u2013 cat\u00e9gorie Coll\u00e8ge pour son projet \u00ab <a href=\"https:\/\/ecerfvelee.com\/site\/le-temps-de-la-terre\/\">Le Temps de la terre \u00bb !<\/a><\/strong><\/span><\/p>\n<p><span style=\"font-size: 14pt;\">Retrouvez les photos de la remise du prix \u00e0 l&rsquo;h\u00f4tel de Matignon \u00e0 Paris<strong> <a href=\"https:\/\/ecerfvelee.com\/site\/prix-de-laudace-artistique\/\">ICI<\/a><\/strong><\/span><\/p>\n<p><span style=\"font-size: 24pt;\">Le temps du Fer et de la Terre<\/span><\/p>\n<p>Apr\u00e8s le<a href=\"https:\/\/ecerfvelee.com\/site\/le-temps-de-la-terre\/\"> cycle c\u00e9ramique<\/a> vient le moment de travailler une autre mati\u00e8re, le fer.<\/p>\n<p><img loading=\"lazy\" decoding=\"async\" class=\"alignleft size-medium wp-image-1027\" src=\"https:\/\/ecerfvelee.com\/site\/wp-content\/uploads\/2018\/11\/IMG_0758n-300x200.jpg\" alt=\"\" width=\"300\" height=\"200\" srcset=\"https:\/\/ecerfvelee.com\/site\/wp-content\/uploads\/2018\/11\/IMG_0758n-300x200.jpg 300w, https:\/\/ecerfvelee.com\/site\/wp-content\/uploads\/2018\/11\/IMG_0758n-350x233.jpg 350w, https:\/\/ecerfvelee.com\/site\/wp-content\/uploads\/2018\/11\/IMG_0758n-768x512.jpg 768w, https:\/\/ecerfvelee.com\/site\/wp-content\/uploads\/2018\/11\/IMG_0758n.jpg 945w\" sizes=\"auto, (max-width: 300px) 100vw, 300px\" \/><img loading=\"lazy\" decoding=\"async\" class=\"alignleft size-medium wp-image-1049\" src=\"https:\/\/ecerfvelee.com\/site\/wp-content\/uploads\/2018\/11\/IMG_1222n-300x200.jpg\" alt=\"\" width=\"300\" height=\"200\" srcset=\"https:\/\/ecerfvelee.com\/site\/wp-content\/uploads\/2018\/11\/IMG_1222n-300x200.jpg 300w, https:\/\/ecerfvelee.com\/site\/wp-content\/uploads\/2018\/11\/IMG_1222n-350x233.jpg 350w, https:\/\/ecerfvelee.com\/site\/wp-content\/uploads\/2018\/11\/IMG_1222n-768x512.jpg 768w, https:\/\/ecerfvelee.com\/site\/wp-content\/uploads\/2018\/11\/IMG_1222n.jpg 945w\" sizes=\"auto, (max-width: 300px) 100vw, 300px\" \/><\/p>\n<p>L&rsquo;artiste <a href=\"https:\/\/www.michelaurent.fr\/\">Michel Laurent<\/a> intervient au coll\u00e8ge pour guider les \u00e9l\u00e8ves et pour r\u00e9aliser avec nous l&rsquo;espace de transition entre le jardin et la cour.<\/p>\n<p><img loading=\"lazy\" decoding=\"async\" class=\"size-medium wp-image-1026 alignleft\" src=\"https:\/\/ecerfvelee.com\/site\/wp-content\/uploads\/2018\/11\/IMG_0782n-300x200.jpg\" alt=\"\" width=\"300\" height=\"200\" srcset=\"https:\/\/ecerfvelee.com\/site\/wp-content\/uploads\/2018\/11\/IMG_0782n-300x200.jpg 300w, https:\/\/ecerfvelee.com\/site\/wp-content\/uploads\/2018\/11\/IMG_0782n-350x233.jpg 350w, https:\/\/ecerfvelee.com\/site\/wp-content\/uploads\/2018\/11\/IMG_0782n-768x512.jpg 768w, https:\/\/ecerfvelee.com\/site\/wp-content\/uploads\/2018\/11\/IMG_0782n-1024x683.jpg 1024w, https:\/\/ecerfvelee.com\/site\/wp-content\/uploads\/2018\/11\/IMG_0782n.jpg 1260w\" sizes=\"auto, (max-width: 300px) 100vw, 300px\" \/><\/p>\n<p><img loading=\"lazy\" decoding=\"async\" class=\"alignleft size-medium wp-image-1025\" src=\"https:\/\/ecerfvelee.com\/site\/wp-content\/uploads\/2018\/11\/IMG_0818-copy-300x200.jpg\" alt=\"\" width=\"300\" height=\"200\" srcset=\"https:\/\/ecerfvelee.com\/site\/wp-content\/uploads\/2018\/11\/IMG_0818-copy-300x200.jpg 300w, https:\/\/ecerfvelee.com\/site\/wp-content\/uploads\/2018\/11\/IMG_0818-copy-350x233.jpg 350w, https:\/\/ecerfvelee.com\/site\/wp-content\/uploads\/2018\/11\/IMG_0818-copy-768x512.jpg 768w, https:\/\/ecerfvelee.com\/site\/wp-content\/uploads\/2018\/11\/IMG_0818-copy.jpg 945w\" sizes=\"auto, (max-width: 300px) 100vw, 300px\" \/><\/p>\n<p>Une arche, un tunnel, un passage symbolique qui permet de cr\u00e9er un espace jardin comme une bulle spatio-temporelle.<\/p>\n<p>L&rsquo;artiste est intervenu plusieurs fois en d\u00e9but d&rsquo;ann\u00e9e avec les \u00e9l\u00e8ves de 4\u00e8me de l&rsquo;Atelier d&rsquo;Arts Plastiques.<\/p>\n<p>Les \u00e9l\u00e8ves ont pu manipuler des cintreuses et modeler des fers \u00e0 b\u00e9ton.<\/p>\n<p><img loading=\"lazy\" decoding=\"async\" class=\"alignleft size-medium wp-image-1034\" src=\"https:\/\/ecerfvelee.com\/site\/wp-content\/uploads\/2018\/11\/IMG_0895n-300x200.jpg\" alt=\"\" width=\"300\" height=\"200\" srcset=\"https:\/\/ecerfvelee.com\/site\/wp-content\/uploads\/2018\/11\/IMG_0895n-300x200.jpg 300w, https:\/\/ecerfvelee.com\/site\/wp-content\/uploads\/2018\/11\/IMG_0895n-350x233.jpg 350w, https:\/\/ecerfvelee.com\/site\/wp-content\/uploads\/2018\/11\/IMG_0895n-768x512.jpg 768w, https:\/\/ecerfvelee.com\/site\/wp-content\/uploads\/2018\/11\/IMG_0895n.jpg 945w\" sizes=\"auto, (max-width: 300px) 100vw, 300px\" \/><\/p>\n<p>Michel Laurent d\u00e9coupera des motifs au plasma sur des<a href=\"https:\/\/www.michelaurent.fr\/sculptures\/s%C3%A9rie-plein-gaz\/\"> bouteilles de gaz.<\/a> Ces motifs seront dessin\u00e9s par les \u00e9l\u00e8ves de 6\u00e8me, d&rsquo;ULIS et de l&rsquo;IME.<\/p>\n<p><a href=\"https:\/\/padlet.com\/marina_zindy\/y1rideab9eo6\">Paroles d&rsquo;\u00e9l\u00e8ves\u00a0<\/a><\/p>\n<p>L&rsquo;ensemble des \u00e9l\u00e8ves de 6\u00e8me, d&rsquo;ULIS et de l&rsquo;IME sont all\u00e9s visiter les <a href=\"https:\/\/www.parc-wesserling.fr\/\">jardins de Wesserling<\/a> d\u00e8s la deuxi\u00e8me semaine de septembre car ils seront avec les \u00e9l\u00e8ves de l&rsquo;Atelier d&rsquo;Arts Plastiques, les principaux acteurs du projet jardin.<\/p>\n<p><img loading=\"lazy\" decoding=\"async\" class=\"size-medium wp-image-1029 aligncenter\" src=\"https:\/\/ecerfvelee.com\/site\/wp-content\/uploads\/2018\/11\/IMG_0574n-300x200.jpg\" alt=\"\" width=\"300\" height=\"200\" srcset=\"https:\/\/ecerfvelee.com\/site\/wp-content\/uploads\/2018\/11\/IMG_0574n-300x200.jpg 300w, https:\/\/ecerfvelee.com\/site\/wp-content\/uploads\/2018\/11\/IMG_0574n-350x233.jpg 350w, https:\/\/ecerfvelee.com\/site\/wp-content\/uploads\/2018\/11\/IMG_0574n-768x512.jpg 768w, https:\/\/ecerfvelee.com\/site\/wp-content\/uploads\/2018\/11\/IMG_0574n.jpg 945w\" sizes=\"auto, (max-width: 300px) 100vw, 300px\" \/><\/p>\n<p>Les bouteilles de gaz ainsi \u00e9vid\u00e9es deviendront des sculptures et serviront aussi de base pour la r\u00e9alisation du passage en m\u00e9tal.<\/p>\n<p><img loading=\"lazy\" decoding=\"async\" class=\"alignleft size-medium wp-image-1035\" src=\"https:\/\/ecerfvelee.com\/site\/wp-content\/uploads\/2018\/11\/IMG_0912n-300x200.jpg\" alt=\"\" width=\"300\" height=\"200\" srcset=\"https:\/\/ecerfvelee.com\/site\/wp-content\/uploads\/2018\/11\/IMG_0912n-300x200.jpg 300w, https:\/\/ecerfvelee.com\/site\/wp-content\/uploads\/2018\/11\/IMG_0912n-350x233.jpg 350w, https:\/\/ecerfvelee.com\/site\/wp-content\/uploads\/2018\/11\/IMG_0912n-768x512.jpg 768w, https:\/\/ecerfvelee.com\/site\/wp-content\/uploads\/2018\/11\/IMG_0912n.jpg 945w\" sizes=\"auto, (max-width: 300px) 100vw, 300px\" \/> <img loading=\"lazy\" decoding=\"async\" class=\"alignleft size-medium wp-image-1043\" src=\"https:\/\/ecerfvelee.com\/site\/wp-content\/uploads\/2018\/11\/IMG_0915-copy-300x200.jpg\" alt=\"\" width=\"300\" height=\"200\" srcset=\"https:\/\/ecerfvelee.com\/site\/wp-content\/uploads\/2018\/11\/IMG_0915-copy-300x200.jpg 300w, https:\/\/ecerfvelee.com\/site\/wp-content\/uploads\/2018\/11\/IMG_0915-copy-350x233.jpg 350w, https:\/\/ecerfvelee.com\/site\/wp-content\/uploads\/2018\/11\/IMG_0915-copy-768x512.jpg 768w, https:\/\/ecerfvelee.com\/site\/wp-content\/uploads\/2018\/11\/IMG_0915-copy.jpg 945w\" sizes=\"auto, (max-width: 300px) 100vw, 300px\" \/><\/p>\n<p>Les \u00e9l\u00e8ves de l&rsquo;Atelier d&rsquo;Arts Plastiques s&rsquo;approprient ce projet en r\u00e9alisant des dessins et des maquettes.<\/p>\n<p><img loading=\"lazy\" decoding=\"async\" class=\"alignleft size-medium wp-image-1047\" src=\"https:\/\/ecerfvelee.com\/site\/wp-content\/uploads\/2018\/11\/IMG_1284n-200x300.jpg\" alt=\"\" width=\"200\" height=\"300\" srcset=\"https:\/\/ecerfvelee.com\/site\/wp-content\/uploads\/2018\/11\/IMG_1284n-200x300.jpg 200w, https:\/\/ecerfvelee.com\/site\/wp-content\/uploads\/2018\/11\/IMG_1284n-350x525.jpg 350w, https:\/\/ecerfvelee.com\/site\/wp-content\/uploads\/2018\/11\/IMG_1284n.jpg 630w\" sizes=\"auto, (max-width: 200px) 100vw, 200px\" \/><img loading=\"lazy\" decoding=\"async\" class=\"alignleft size-medium wp-image-1050\" src=\"https:\/\/ecerfvelee.com\/site\/wp-content\/uploads\/2018\/11\/IMG_1285n-200x300.jpg\" alt=\"\" width=\"200\" height=\"300\" srcset=\"https:\/\/ecerfvelee.com\/site\/wp-content\/uploads\/2018\/11\/IMG_1285n-200x300.jpg 200w, https:\/\/ecerfvelee.com\/site\/wp-content\/uploads\/2018\/11\/IMG_1285n-350x525.jpg 350w, https:\/\/ecerfvelee.com\/site\/wp-content\/uploads\/2018\/11\/IMG_1285n.jpg 630w\" sizes=\"auto, (max-width: 200px) 100vw, 200px\" \/><\/p>\n<p>.<\/p>\n<p>Pour la conception du jardin, une \u00e9quipe pluridisciplinaire est constitu\u00e9e\u00a0:<\/p>\n<p>Marina ZINDY, Professeur d&rsquo;arts plastiques et coordinatrice du projet<\/p>\n<p>Maryline LAMIELLE, Professeur de SVT<\/p>\n<p>Sophie POIRIER, Catherine GEIGER, Professeurs de Fran\u00e7ais<\/p>\n<p>Catherine PERRIN, Professeur de LCA<\/p>\n<p>Beno\u00eet\u00a0BOURGEOIS, \u00c9ducateur Technique Sp\u00e9cialis\u00e9 en horticulture<\/p>\n<p>Romain KAUFFMANN, Professeur des \u00e9coles sp\u00e9cialis\u00e9 en IME<\/p>\n<p>Jean-Pierre GROSBOILLOT, Professeur des \u00e9coles sp\u00e9cialis\u00e9 coordinateur Ulis<\/p>\n<p>C\u00e9cilia HAYER, Responsable jardin de Wesserling<\/p>\n<p>Michel LAURENT, sculpteur m\u00e9tal<\/p>\n<p>Voici une id\u00e9e apr\u00e8s notre premi\u00e8re r\u00e9union de chantier\u00a0: un espace pour \u00e9tudier dans le jardin .<\/p>\n<p><img loading=\"lazy\" decoding=\"async\" class=\"aligncenter wp-image-1059 size-full\" title=\"am\u00e9nagement paysager\" src=\"https:\/\/ecerfvelee.com\/site\/wp-content\/uploads\/2018\/11\/IMG_2042.png\" alt=\"\" width=\"992\" height=\"744\" srcset=\"https:\/\/ecerfvelee.com\/site\/wp-content\/uploads\/2018\/11\/IMG_2042.png 992w, https:\/\/ecerfvelee.com\/site\/wp-content\/uploads\/2018\/11\/IMG_2042-350x263.png 350w, https:\/\/ecerfvelee.com\/site\/wp-content\/uploads\/2018\/11\/IMG_2042-300x225.png 300w, https:\/\/ecerfvelee.com\/site\/wp-content\/uploads\/2018\/11\/IMG_2042-768x576.png 768w\" sizes=\"auto, (max-width: 767px) 89vw, (max-width: 1000px) 54vw, (max-width: 1071px) 543px, 580px\" \/> <img loading=\"lazy\" decoding=\"async\" class=\"aligncenter wp-image-1058 size-full\" title=\"am\u00e9nagement paysager\" src=\"https:\/\/ecerfvelee.com\/site\/wp-content\/uploads\/2018\/11\/IMG_2048.png\" alt=\"\" width=\"992\" height=\"1322\" srcset=\"https:\/\/ecerfvelee.com\/site\/wp-content\/uploads\/2018\/11\/IMG_2048.png 992w, https:\/\/ecerfvelee.com\/site\/wp-content\/uploads\/2018\/11\/IMG_2048-350x466.png 350w, https:\/\/ecerfvelee.com\/site\/wp-content\/uploads\/2018\/11\/IMG_2048-225x300.png 225w, https:\/\/ecerfvelee.com\/site\/wp-content\/uploads\/2018\/11\/IMG_2048-768x1024.png 768w\" sizes=\"auto, (max-width: 767px) 89vw, (max-width: 1000px) 54vw, (max-width: 1071px) 543px, 580px\" \/><\/p>\n<p>Les toiles imprim\u00e9es au ch\u00e2teau de Wesserling, con\u00e7ues par l&rsquo;artiste Vincent KONIK, nous ont beaucoup enthousiasm\u00e9es et cette id\u00e9e de transposer des peintures sur de la toile, pourrait aussi \u00eatre exploit\u00e9e.<\/p>\n<p><img loading=\"lazy\" decoding=\"async\" class=\"aligncenter wp-image-1030 size-full\" title=\"peinture monumentale\" src=\"https:\/\/ecerfvelee.com\/site\/wp-content\/uploads\/2018\/11\/IMG_0671n.jpg\" alt=\"\" width=\"630\" height=\"945\" srcset=\"https:\/\/ecerfvelee.com\/site\/wp-content\/uploads\/2018\/11\/IMG_0671n.jpg 630w, https:\/\/ecerfvelee.com\/site\/wp-content\/uploads\/2018\/11\/IMG_0671n-350x525.jpg 350w, https:\/\/ecerfvelee.com\/site\/wp-content\/uploads\/2018\/11\/IMG_0671n-200x300.jpg 200w\" sizes=\"auto, (max-width: 630px) 100vw, 630px\" \/><\/p>\n\n\n<h2 class=\"wp-block-heading\">Distinguer 3 espaces<\/h2>\n\n\n\n<p><\/p>\n\n\n<div class=\"wp-block-image\">\n<figure class=\"aligncenter\"><img loading=\"lazy\" decoding=\"async\" width=\"1024\" height=\"725\" src=\"https:\/\/ecerfvelee.com\/site\/wp-content\/uploads\/2019\/02\/Attachment-1-19-copy-1-1024x725.jpg\" alt=\"\" class=\"wp-image-1991\" srcset=\"https:\/\/ecerfvelee.com\/site\/wp-content\/uploads\/2019\/02\/Attachment-1-19-copy-1-1024x725.jpg 1024w, https:\/\/ecerfvelee.com\/site\/wp-content\/uploads\/2019\/02\/Attachment-1-19-copy-1-300x212.jpg 300w, https:\/\/ecerfvelee.com\/site\/wp-content\/uploads\/2019\/02\/Attachment-1-19-copy-1-768x543.jpg 768w, https:\/\/ecerfvelee.com\/site\/wp-content\/uploads\/2019\/02\/Attachment-1-19-copy-1-350x248.jpg 350w, https:\/\/ecerfvelee.com\/site\/wp-content\/uploads\/2019\/02\/Attachment-1-19-copy-1.jpg 1402w\" sizes=\"auto, (max-width: 767px) 89vw, (max-width: 1000px) 54vw, (max-width: 1071px) 543px, 580px\" \/><\/figure>\n<\/div>\n\n\n<h2 class=\"wp-block-heading\"><\/h2>\n\n\n\n<h2 class=\"wp-block-heading\">L&rsquo;entr\u00e9e<\/h2>\n\n\n\n<p><\/p>\n\n\n<div class=\"wp-block-image\">\n<figure class=\"aligncenter\"><img loading=\"lazy\" decoding=\"async\" width=\"992\" height=\"702\" src=\"https:\/\/ecerfvelee.com\/site\/wp-content\/uploads\/2019\/02\/IMG_2117-copy.jpg\" alt=\"\" class=\"wp-image-1990\" srcset=\"https:\/\/ecerfvelee.com\/site\/wp-content\/uploads\/2019\/02\/IMG_2117-copy.jpg 992w, https:\/\/ecerfvelee.com\/site\/wp-content\/uploads\/2019\/02\/IMG_2117-copy-300x212.jpg 300w, https:\/\/ecerfvelee.com\/site\/wp-content\/uploads\/2019\/02\/IMG_2117-copy-768x543.jpg 768w, https:\/\/ecerfvelee.com\/site\/wp-content\/uploads\/2019\/02\/IMG_2117-copy-350x248.jpg 350w\" sizes=\"auto, (max-width: 767px) 89vw, (max-width: 1000px) 54vw, (max-width: 1071px) 543px, 580px\" \/><\/figure>\n<\/div>\n\n\n<h2 class=\"wp-block-heading\">Dessins d&rsquo;\u00e9l\u00e8ves<\/h2>\n\n\n<div class=\"wp-block-image\">\n<figure class=\"aligncenter\"><img loading=\"lazy\" decoding=\"async\" width=\"601\" height=\"850\" src=\"https:\/\/ecerfvelee.com\/site\/wp-content\/uploads\/2019\/02\/jardin-dessin-eleve-2.jpg\" alt=\"\" class=\"wp-image-2008\" srcset=\"https:\/\/ecerfvelee.com\/site\/wp-content\/uploads\/2019\/02\/jardin-dessin-eleve-2.jpg 601w, https:\/\/ecerfvelee.com\/site\/wp-content\/uploads\/2019\/02\/jardin-dessin-eleve-2-212x300.jpg 212w, https:\/\/ecerfvelee.com\/site\/wp-content\/uploads\/2019\/02\/jardin-dessin-eleve-2-350x495.jpg 350w\" sizes=\"auto, (max-width: 601px) 100vw, 601px\" \/><\/figure>\n<\/div>\n\n<div class=\"wp-block-image\">\n<figure class=\"aligncenter\"><img loading=\"lazy\" decoding=\"async\" width=\"850\" height=\"550\" src=\"https:\/\/ecerfvelee.com\/site\/wp-content\/uploads\/2019\/02\/jardin-dessin-eleve.jpg\" alt=\"\" class=\"wp-image-2009\" srcset=\"https:\/\/ecerfvelee.com\/site\/wp-content\/uploads\/2019\/02\/jardin-dessin-eleve.jpg 850w, https:\/\/ecerfvelee.com\/site\/wp-content\/uploads\/2019\/02\/jardin-dessin-eleve-300x194.jpg 300w, https:\/\/ecerfvelee.com\/site\/wp-content\/uploads\/2019\/02\/jardin-dessin-eleve-768x497.jpg 768w, https:\/\/ecerfvelee.com\/site\/wp-content\/uploads\/2019\/02\/jardin-dessin-eleve-350x226.jpg 350w\" sizes=\"auto, (max-width: 767px) 89vw, (max-width: 1000px) 54vw, (max-width: 1071px) 543px, 580px\" \/><\/figure>\n<\/div>\n\n<div class=\"wp-block-image\">\n<figure class=\"aligncenter\"><img loading=\"lazy\" decoding=\"async\" width=\"945\" height=\"630\" src=\"https:\/\/ecerfvelee.com\/site\/wp-content\/uploads\/2019\/02\/\u00e9l\u00e8ves.jpg\" alt=\"\" class=\"wp-image-2012\" srcset=\"https:\/\/ecerfvelee.com\/site\/wp-content\/uploads\/2019\/02\/\u00e9l\u00e8ves.jpg 945w, https:\/\/ecerfvelee.com\/site\/wp-content\/uploads\/2019\/02\/\u00e9l\u00e8ves-300x200.jpg 300w, https:\/\/ecerfvelee.com\/site\/wp-content\/uploads\/2019\/02\/\u00e9l\u00e8ves-768x512.jpg 768w, https:\/\/ecerfvelee.com\/site\/wp-content\/uploads\/2019\/02\/\u00e9l\u00e8ves-350x233.jpg 350w\" sizes=\"auto, (max-width: 767px) 89vw, (max-width: 1000px) 54vw, (max-width: 1071px) 543px, 580px\" \/><\/figure>\n<\/div>\n\n<div class=\"wp-block-image\">\n<figure class=\"aligncenter\"><img loading=\"lazy\" decoding=\"async\" width=\"945\" height=\"630\" src=\"https:\/\/ecerfvelee.com\/site\/wp-content\/uploads\/2019\/02\/dessin-fusain.jpg\" alt=\"\" class=\"wp-image-2013\" srcset=\"https:\/\/ecerfvelee.com\/site\/wp-content\/uploads\/2019\/02\/dessin-fusain.jpg 945w, https:\/\/ecerfvelee.com\/site\/wp-content\/uploads\/2019\/02\/dessin-fusain-300x200.jpg 300w, https:\/\/ecerfvelee.com\/site\/wp-content\/uploads\/2019\/02\/dessin-fusain-768x512.jpg 768w, https:\/\/ecerfvelee.com\/site\/wp-content\/uploads\/2019\/02\/dessin-fusain-350x233.jpg 350w\" sizes=\"auto, (max-width: 767px) 89vw, (max-width: 1000px) 54vw, (max-width: 1071px) 543px, 580px\" \/><\/figure>\n<\/div>\n\n\n<h2 class=\"wp-block-heading\">Apr\u00e8s la conception, la r\u00e9alisation:<\/h2>\n\n\n<div class=\"wp-block-image\">\n<figure class=\"aligncenter\"><img loading=\"lazy\" decoding=\"async\" width=\"945\" height=\"630\" src=\"https:\/\/ecerfvelee.com\/site\/wp-content\/uploads\/2019\/02\/m\u00e9tal.jpg\" alt=\"\" class=\"wp-image-2014\" srcset=\"https:\/\/ecerfvelee.com\/site\/wp-content\/uploads\/2019\/02\/m\u00e9tal.jpg 945w, https:\/\/ecerfvelee.com\/site\/wp-content\/uploads\/2019\/02\/m\u00e9tal-300x200.jpg 300w, https:\/\/ecerfvelee.com\/site\/wp-content\/uploads\/2019\/02\/m\u00e9tal-768x512.jpg 768w, https:\/\/ecerfvelee.com\/site\/wp-content\/uploads\/2019\/02\/m\u00e9tal-350x233.jpg 350w\" sizes=\"auto, (max-width: 767px) 89vw, (max-width: 1000px) 54vw, (max-width: 1071px) 543px, 580px\" \/><\/figure>\n<\/div>\n\n<div class=\"wp-block-image\">\n<figure class=\"aligncenter\"><img loading=\"lazy\" decoding=\"async\" width=\"1024\" height=\"683\" src=\"https:\/\/ecerfvelee.com\/site\/wp-content\/uploads\/2019\/04\/atelier-1024x683.jpg\" alt=\"\" class=\"wp-image-2043\" srcset=\"https:\/\/ecerfvelee.com\/site\/wp-content\/uploads\/2019\/04\/atelier-1024x683.jpg 1024w, https:\/\/ecerfvelee.com\/site\/wp-content\/uploads\/2019\/04\/atelier-300x200.jpg 300w, https:\/\/ecerfvelee.com\/site\/wp-content\/uploads\/2019\/04\/atelier-768x512.jpg 768w, https:\/\/ecerfvelee.com\/site\/wp-content\/uploads\/2019\/04\/atelier-350x233.jpg 350w, https:\/\/ecerfvelee.com\/site\/wp-content\/uploads\/2019\/04\/atelier.jpg 1419w\" sizes=\"auto, (max-width: 767px) 89vw, (max-width: 1000px) 54vw, (max-width: 1071px) 543px, 580px\" \/><\/figure>\n<\/div>\n\n\n\n<div class=\"wp-block-image\">\n<figure class=\"aligncenter\"><img loading=\"lazy\" decoding=\"async\" width=\"1024\" height=\"664\" src=\"https:\/\/ecerfvelee.com\/site\/wp-content\/uploads\/2019\/04\/atelier-photo-de-classe-1-1024x664.jpg\" alt=\"\" class=\"wp-image-2046\" srcset=\"https:\/\/ecerfvelee.com\/site\/wp-content\/uploads\/2019\/04\/atelier-photo-de-classe-1-1024x664.jpg 1024w, https:\/\/ecerfvelee.com\/site\/wp-content\/uploads\/2019\/04\/atelier-photo-de-classe-1-300x195.jpg 300w, https:\/\/ecerfvelee.com\/site\/wp-content\/uploads\/2019\/04\/atelier-photo-de-classe-1-768x498.jpg 768w, https:\/\/ecerfvelee.com\/site\/wp-content\/uploads\/2019\/04\/atelier-photo-de-classe-1-350x227.jpg 350w, https:\/\/ecerfvelee.com\/site\/wp-content\/uploads\/2019\/04\/atelier-photo-de-classe-1.jpg 1419w\" sizes=\"auto, (max-width: 767px) 89vw, (max-width: 1000px) 54vw, (max-width: 1071px) 543px, 580px\" \/><\/figure>\n<\/div>\n\n\n<h2 class=\"wp-block-heading\"><\/h2>\n\n\n\n<h2 class=\"wp-block-heading\">Plein GAZ !<\/h2>\n\n\n<div class=\"wp-block-image\">\n<figure class=\"aligncenter\"><img loading=\"lazy\" decoding=\"async\" width=\"1024\" height=\"683\" src=\"https:\/\/ecerfvelee.com\/site\/wp-content\/uploads\/2019\/04\/ateler-rencontre-1-1024x683.jpg\" alt=\"\" class=\"wp-image-2048\" srcset=\"https:\/\/ecerfvelee.com\/site\/wp-content\/uploads\/2019\/04\/ateler-rencontre-1-1024x683.jpg 1024w, https:\/\/ecerfvelee.com\/site\/wp-content\/uploads\/2019\/04\/ateler-rencontre-1-300x200.jpg 300w, https:\/\/ecerfvelee.com\/site\/wp-content\/uploads\/2019\/04\/ateler-rencontre-1-768x512.jpg 768w, https:\/\/ecerfvelee.com\/site\/wp-content\/uploads\/2019\/04\/ateler-rencontre-1-350x233.jpg 350w, https:\/\/ecerfvelee.com\/site\/wp-content\/uploads\/2019\/04\/ateler-rencontre-1.jpg 1419w\" sizes=\"auto, (max-width: 767px) 89vw, (max-width: 1000px) 54vw, (max-width: 1071px) 543px, 580px\" \/><figcaption class=\"wp-element-caption\">Maquettes papier des d\u00e9coupes sur les bouteilles de gaz \u00e0 la torche plasma et d\u00e9monstration.<\/figcaption><\/figure>\n<\/div>\n\n\n<p>Tous les \u00e9l\u00e8ves de 6\u00e8me, les \u00e9l\u00e8ves de l&rsquo;ULIS et de l&rsquo;IME, ont con\u00e7u les dessins qui orneront les bouteilles de gaz.<\/p>\n\n\n\n<h2 class=\"wp-block-heading\">Le GRAND Jour est arriv\u00e9 !<\/h2>\n\n\n\n<h4 class=\"wp-block-heading\"><a href=\"https:\/\/www.michelaurent.fr\/\">MichL <\/a>en action !<\/h4>\n\n\n<div class=\"wp-block-image\">\n<figure class=\"aligncenter\"><img loading=\"lazy\" decoding=\"async\" width=\"1024\" height=\"683\" src=\"https:\/\/ecerfvelee.com\/site\/wp-content\/uploads\/2019\/04\/michel-1024x683.jpg\" alt=\"\" class=\"wp-image-2052\" srcset=\"https:\/\/ecerfvelee.com\/site\/wp-content\/uploads\/2019\/04\/michel-1024x683.jpg 1024w, https:\/\/ecerfvelee.com\/site\/wp-content\/uploads\/2019\/04\/michel-300x200.jpg 300w, https:\/\/ecerfvelee.com\/site\/wp-content\/uploads\/2019\/04\/michel-768x512.jpg 768w, https:\/\/ecerfvelee.com\/site\/wp-content\/uploads\/2019\/04\/michel-350x233.jpg 350w, https:\/\/ecerfvelee.com\/site\/wp-content\/uploads\/2019\/04\/michel.jpg 1134w\" sizes=\"auto, (max-width: 767px) 89vw, (max-width: 1000px) 54vw, (max-width: 1071px) 543px, 580px\" \/><\/figure>\n<\/div>\n\n<div class=\"wp-block-image\">\n<figure class=\"aligncenter\"><img loading=\"lazy\" decoding=\"async\" width=\"683\" height=\"1024\" src=\"https:\/\/ecerfvelee.com\/site\/wp-content\/uploads\/2019\/04\/michell-683x1024.jpg\" alt=\"\" class=\"wp-image-2054\" srcset=\"https:\/\/ecerfvelee.com\/site\/wp-content\/uploads\/2019\/04\/michell-683x1024.jpg 683w, https:\/\/ecerfvelee.com\/site\/wp-content\/uploads\/2019\/04\/michell-200x300.jpg 200w, https:\/\/ecerfvelee.com\/site\/wp-content\/uploads\/2019\/04\/michell-350x525.jpg 350w, https:\/\/ecerfvelee.com\/site\/wp-content\/uploads\/2019\/04\/michell.jpg 756w\" sizes=\"auto, (max-width: 683px) 100vw, 683px\" \/><\/figure>\n<\/div>\n\n<div class=\"wp-block-image\">\n<figure class=\"aligncenter\"><img loading=\"lazy\" decoding=\"async\" width=\"1024\" height=\"683\" src=\"https:\/\/ecerfvelee.com\/site\/wp-content\/uploads\/2019\/04\/mich-1024x683.jpg\" alt=\"\" class=\"wp-image-2055\" srcset=\"https:\/\/ecerfvelee.com\/site\/wp-content\/uploads\/2019\/04\/mich-1024x683.jpg 1024w, https:\/\/ecerfvelee.com\/site\/wp-content\/uploads\/2019\/04\/mich-300x200.jpg 300w, https:\/\/ecerfvelee.com\/site\/wp-content\/uploads\/2019\/04\/mich-768x512.jpg 768w, https:\/\/ecerfvelee.com\/site\/wp-content\/uploads\/2019\/04\/mich-350x233.jpg 350w, https:\/\/ecerfvelee.com\/site\/wp-content\/uploads\/2019\/04\/mich.jpg 1134w\" sizes=\"auto, (max-width: 767px) 89vw, (max-width: 1000px) 54vw, (max-width: 1071px) 543px, 580px\" \/><\/figure>\n<\/div>\n\n<div class=\"wp-block-image\">\n<figure class=\"aligncenter\"><img loading=\"lazy\" decoding=\"async\" width=\"1024\" height=\"683\" src=\"https:\/\/ecerfvelee.com\/site\/wp-content\/uploads\/2019\/04\/IMG_4442-copy-1024x683.jpg\" alt=\"\" class=\"wp-image-2066\" srcset=\"https:\/\/ecerfvelee.com\/site\/wp-content\/uploads\/2019\/04\/IMG_4442-copy-1024x683.jpg 1024w, https:\/\/ecerfvelee.com\/site\/wp-content\/uploads\/2019\/04\/IMG_4442-copy-300x200.jpg 300w, https:\/\/ecerfvelee.com\/site\/wp-content\/uploads\/2019\/04\/IMG_4442-copy-768x512.jpg 768w, https:\/\/ecerfvelee.com\/site\/wp-content\/uploads\/2019\/04\/IMG_4442-copy-350x233.jpg 350w\" sizes=\"auto, (max-width: 767px) 89vw, (max-width: 1000px) 54vw, (max-width: 1071px) 543px, 580px\" \/><\/figure>\n<\/div>\n\n\n<h2 class=\"wp-block-heading\">La terre et la bouteille de gaz<\/h2>\n\n\n\n<h4 class=\"wp-block-heading\">Intervention de <a href=\"https:\/\/assopalt.wixsite.com\/collectif-ceramistes\/thierry-landault\">Thierry Landault<\/a><\/h4>\n\n\n<div class=\"wp-block-image\">\n<figure class=\"aligncenter\"><img loading=\"lazy\" decoding=\"async\" width=\"1024\" height=\"683\" src=\"https:\/\/ecerfvelee.com\/site\/wp-content\/uploads\/2019\/04\/terre-1024x683.jpg\" alt=\"\" class=\"wp-image-2057\" srcset=\"https:\/\/ecerfvelee.com\/site\/wp-content\/uploads\/2019\/04\/terre-1024x683.jpg 1024w, https:\/\/ecerfvelee.com\/site\/wp-content\/uploads\/2019\/04\/terre-300x200.jpg 300w, https:\/\/ecerfvelee.com\/site\/wp-content\/uploads\/2019\/04\/terre-768x512.jpg 768w, https:\/\/ecerfvelee.com\/site\/wp-content\/uploads\/2019\/04\/terre-350x233.jpg 350w, https:\/\/ecerfvelee.com\/site\/wp-content\/uploads\/2019\/04\/terre.jpg 1134w\" sizes=\"auto, (max-width: 767px) 89vw, (max-width: 1000px) 54vw, (max-width: 1071px) 543px, 580px\" \/><\/figure>\n<\/div>\n\n\n<p>La bouteille de gaz sert \u00e0 la fabrication d&rsquo;un four exp\u00e9rimental qui permet d&rsquo;atteindre 1300 degr\u00e9s !<\/p>\n\n\n\n<p>Le torchis est r\u00e9alis\u00e9 gr\u00e2ce \u00e0 l&rsquo;argile de la for\u00eat, r\u00e9colt\u00e9e par les \u00e9l\u00e8ves.<\/p>\n\n\n<div class=\"wp-block-image\">\n<figure class=\"aligncenter\"><img loading=\"lazy\" decoding=\"async\" width=\"683\" height=\"1024\" src=\"https:\/\/ecerfvelee.com\/site\/wp-content\/uploads\/2019\/04\/1-2-683x1024.jpg\" alt=\"\" class=\"wp-image-2064\" srcset=\"https:\/\/ecerfvelee.com\/site\/wp-content\/uploads\/2019\/04\/1-2-683x1024.jpg 683w, https:\/\/ecerfvelee.com\/site\/wp-content\/uploads\/2019\/04\/1-2-200x300.jpg 200w, https:\/\/ecerfvelee.com\/site\/wp-content\/uploads\/2019\/04\/1-2-350x525.jpg 350w, https:\/\/ecerfvelee.com\/site\/wp-content\/uploads\/2019\/04\/1-2.jpg 756w\" sizes=\"auto, (max-width: 683px) 100vw, 683px\" \/><\/figure>\n<\/div>\n\n<div class=\"wp-block-image\">\n<figure class=\"aligncenter\"><img loading=\"lazy\" decoding=\"async\" width=\"683\" height=\"1024\" src=\"https:\/\/ecerfvelee.com\/site\/wp-content\/uploads\/2019\/04\/IMG_4497v-683x1024.jpg\" alt=\"\" class=\"wp-image-2062\" srcset=\"https:\/\/ecerfvelee.com\/site\/wp-content\/uploads\/2019\/04\/IMG_4497v-683x1024.jpg 683w, https:\/\/ecerfvelee.com\/site\/wp-content\/uploads\/2019\/04\/IMG_4497v-200x300.jpg 200w, https:\/\/ecerfvelee.com\/site\/wp-content\/uploads\/2019\/04\/IMG_4497v-768x1152.jpg 768w, https:\/\/ecerfvelee.com\/site\/wp-content\/uploads\/2019\/04\/IMG_4497v-350x525.jpg 350w, https:\/\/ecerfvelee.com\/site\/wp-content\/uploads\/2019\/04\/IMG_4497v.jpg 946w\" sizes=\"auto, (max-width: 683px) 100vw, 683px\" \/><\/figure>\n<\/div>\n\n<div class=\"wp-block-image\">\n<figure class=\"aligncenter\"><img loading=\"lazy\" decoding=\"async\" width=\"683\" height=\"1024\" src=\"https:\/\/ecerfvelee.com\/site\/wp-content\/uploads\/2019\/04\/IMG_4535v-683x1024.jpg\" alt=\"\" class=\"wp-image-2063\" srcset=\"https:\/\/ecerfvelee.com\/site\/wp-content\/uploads\/2019\/04\/IMG_4535v-683x1024.jpg 683w, https:\/\/ecerfvelee.com\/site\/wp-content\/uploads\/2019\/04\/IMG_4535v-200x300.jpg 200w, https:\/\/ecerfvelee.com\/site\/wp-content\/uploads\/2019\/04\/IMG_4535v-768x1152.jpg 768w, https:\/\/ecerfvelee.com\/site\/wp-content\/uploads\/2019\/04\/IMG_4535v-350x525.jpg 350w, https:\/\/ecerfvelee.com\/site\/wp-content\/uploads\/2019\/04\/IMG_4535v.jpg 946w\" sizes=\"auto, (max-width: 683px) 100vw, 683px\" \/><\/figure>\n<\/div>\n\n<div class=\"wp-block-image\">\n<figure class=\"aligncenter\"><img loading=\"lazy\" decoding=\"async\" width=\"683\" height=\"1024\" src=\"https:\/\/ecerfvelee.com\/site\/wp-content\/uploads\/2019\/04\/IMG_4499v-683x1024.jpg\" alt=\"\" class=\"wp-image-2067\" srcset=\"https:\/\/ecerfvelee.com\/site\/wp-content\/uploads\/2019\/04\/IMG_4499v-683x1024.jpg 683w, https:\/\/ecerfvelee.com\/site\/wp-content\/uploads\/2019\/04\/IMG_4499v-200x300.jpg 200w, https:\/\/ecerfvelee.com\/site\/wp-content\/uploads\/2019\/04\/IMG_4499v-768x1152.jpg 768w, https:\/\/ecerfvelee.com\/site\/wp-content\/uploads\/2019\/04\/IMG_4499v-350x525.jpg 350w, https:\/\/ecerfvelee.com\/site\/wp-content\/uploads\/2019\/04\/IMG_4499v.jpg 946w\" sizes=\"auto, (max-width: 683px) 100vw, 683px\" \/><\/figure>\n<\/div>\n\n\n<div class=\"wp-block-image\">\n<figure class=\"aligncenter\"><img loading=\"lazy\" decoding=\"async\" width=\"1024\" height=\"683\" class=\"wp-image-2065\" src=\"https:\/\/ecerfvelee.com\/site\/wp-content\/uploads\/2019\/04\/IMG_4542v-1024x683.jpg\" alt=\"\" srcset=\"https:\/\/ecerfvelee.com\/site\/wp-content\/uploads\/2019\/04\/IMG_4542v-1024x683.jpg 1024w, https:\/\/ecerfvelee.com\/site\/wp-content\/uploads\/2019\/04\/IMG_4542v-300x200.jpg 300w, https:\/\/ecerfvelee.com\/site\/wp-content\/uploads\/2019\/04\/IMG_4542v-768x512.jpg 768w, https:\/\/ecerfvelee.com\/site\/wp-content\/uploads\/2019\/04\/IMG_4542v-350x233.jpg 350w, https:\/\/ecerfvelee.com\/site\/wp-content\/uploads\/2019\/04\/IMG_4542v.jpg 1419w\" sizes=\"auto, (max-width: 767px) 89vw, (max-width: 1000px) 54vw, (max-width: 1071px) 543px, 580px\" \/>\n<\/figure>\n<\/div>\n\n\n<div class=\"wp-block-image\">\n<figure class=\"aligncenter\"><img loading=\"lazy\" decoding=\"async\" width=\"1024\" height=\"683\" src=\"https:\/\/ecerfvelee.com\/site\/wp-content\/uploads\/2019\/05\/arche-du-jardin-1-1024x683.jpg\" alt=\"\" class=\"wp-image-2164\" srcset=\"https:\/\/ecerfvelee.com\/site\/wp-content\/uploads\/2019\/05\/arche-du-jardin-1-1024x683.jpg 1024w, https:\/\/ecerfvelee.com\/site\/wp-content\/uploads\/2019\/05\/arche-du-jardin-1-300x200.jpg 300w, https:\/\/ecerfvelee.com\/site\/wp-content\/uploads\/2019\/05\/arche-du-jardin-1-768x512.jpg 768w, https:\/\/ecerfvelee.com\/site\/wp-content\/uploads\/2019\/05\/arche-du-jardin-1-350x233.jpg 350w, https:\/\/ecerfvelee.com\/site\/wp-content\/uploads\/2019\/05\/arche-du-jardin-1.jpg 1260w\" sizes=\"auto, (max-width: 767px) 89vw, (max-width: 1000px) 54vw, (max-width: 1071px) 543px, 580px\" \/><figcaption class=\"wp-element-caption\">Assemblage de tous les \u00e9l\u00e9ments avec M. Mateus, Mme Zindy et MichL<\/figcaption><\/figure>\n<\/div>\n\n<div class=\"wp-block-image\">\n<figure class=\"aligncenter\"><img loading=\"lazy\" decoding=\"async\" width=\"683\" height=\"1024\" src=\"https:\/\/ecerfvelee.com\/site\/wp-content\/uploads\/2019\/05\/arche-en-m\u00e9tal-1-683x1024.jpg\" alt=\"\" class=\"wp-image-2169\" srcset=\"https:\/\/ecerfvelee.com\/site\/wp-content\/uploads\/2019\/05\/arche-en-m\u00e9tal-1-683x1024.jpg 683w, https:\/\/ecerfvelee.com\/site\/wp-content\/uploads\/2019\/05\/arche-en-m\u00e9tal-1-200x300.jpg 200w, https:\/\/ecerfvelee.com\/site\/wp-content\/uploads\/2019\/05\/arche-en-m\u00e9tal-1-768x1152.jpg 768w, https:\/\/ecerfvelee.com\/site\/wp-content\/uploads\/2019\/05\/arche-en-m\u00e9tal-1-350x525.jpg 350w, https:\/\/ecerfvelee.com\/site\/wp-content\/uploads\/2019\/05\/arche-en-m\u00e9tal-1.jpg 840w\" sizes=\"auto, (max-width: 683px) 100vw, 683px\" \/><\/figure>\n<\/div>\n\n<div class=\"wp-block-image\">\n<figure class=\"aligncenter\"><img loading=\"lazy\" decoding=\"async\" width=\"1024\" height=\"768\" src=\"https:\/\/ecerfvelee.com\/site\/wp-content\/uploads\/2019\/05\/WhatsApp-Image-2019-05-23-at-12.25.55-1024x768.jpeg\" alt=\"\" class=\"wp-image-2171\" srcset=\"https:\/\/ecerfvelee.com\/site\/wp-content\/uploads\/2019\/05\/WhatsApp-Image-2019-05-23-at-12.25.55-1024x768.jpeg 1024w, https:\/\/ecerfvelee.com\/site\/wp-content\/uploads\/2019\/05\/WhatsApp-Image-2019-05-23-at-12.25.55-300x225.jpeg 300w, https:\/\/ecerfvelee.com\/site\/wp-content\/uploads\/2019\/05\/WhatsApp-Image-2019-05-23-at-12.25.55-768x576.jpeg 768w, https:\/\/ecerfvelee.com\/site\/wp-content\/uploads\/2019\/05\/WhatsApp-Image-2019-05-23-at-12.25.55.jpeg 1600w, https:\/\/ecerfvelee.com\/site\/wp-content\/uploads\/2019\/05\/WhatsApp-Image-2019-05-23-at-12.25.55-1320x990.jpeg 1320w, https:\/\/ecerfvelee.com\/site\/wp-content\/uploads\/2019\/05\/WhatsApp-Image-2019-05-23-at-12.25.55-350x263.jpeg 350w\" sizes=\"auto, (max-width: 767px) 89vw, (max-width: 1000px) 54vw, (max-width: 1071px) 543px, 580px\" \/><figcaption class=\"wp-element-caption\">Plantations des courges, des ipom\u00e9es et bien d&rsquo;autres plantes, par les \u00e9l\u00e8ves du coll\u00e8ge et de l&rsquo;IME.<\/figcaption><\/figure>\n<\/div>","protected":false},"excerpt":{"rendered":"<p>Prix de l&rsquo;Audace artistique et culturelle Discover this article in English Le coll\u00e8ge Val de Rosemont de Giromagny est le laur\u00e9at 2018 du Prix de l\u2019Audace artistique et culturelle de la Fondation Culture &amp; Diversit\u00e9 \u2013 cat\u00e9gorie Coll\u00e8ge pour son projet \u00ab\u00a0Le Temps de la terre\u00a0\u00bb. Marina Zindy, professeur d\u2019Arts Plastiques et c\u00e9ramiste plasticienne, a &hellip; <\/p>\n<p class=\"link-more\"><a href=\"https:\/\/ecerfvelee.com\/site\/le-temps-de-la-terre\/\" class=\"more-link\">Continuer la lecture<span class=\"screen-reader-text\"> de &laquo;&nbsp;Le Temps de la terre&nbsp;&raquo;<\/span><\/a><\/p>\n","protected":false},"author":1,"featured_media":256,"parent":0,"menu_order":0,"comment_status":"closed","ping_status":"closed","template":"","meta":{"footnotes":""},"class_list":["post-355","page","type-page","status-publish","has-post-thumbnail","hentry"],"aioseo_notices":[],"_links":{"self":[{"href":"https:\/\/ecerfvelee.com\/site\/wp-json\/wp\/v2\/pages\/355","targetHints":{"allow":["GET"]}}],"collection":[{"href":"https:\/\/ecerfvelee.com\/site\/wp-json\/wp\/v2\/pages"}],"about":[{"href":"https:\/\/ecerfvelee.com\/site\/wp-json\/wp\/v2\/types\/page"}],"author":[{"embeddable":true,"href":"https:\/\/ecerfvelee.com\/site\/wp-json\/wp\/v2\/users\/1"}],"replies":[{"embeddable":true,"href":"https:\/\/ecerfvelee.com\/site\/wp-json\/wp\/v2\/comments?post=355"}],"version-history":[{"count":17,"href":"https:\/\/ecerfvelee.com\/site\/wp-json\/wp\/v2\/pages\/355\/revisions"}],"predecessor-version":[{"id":3842,"href":"https:\/\/ecerfvelee.com\/site\/wp-json\/wp\/v2\/pages\/355\/revisions\/3842"}],"wp:featuredmedia":[{"embeddable":true,"href":"https:\/\/ecerfvelee.com\/site\/wp-json\/wp\/v2\/media\/256"}],"wp:attachment":[{"href":"https:\/\/ecerfvelee.com\/site\/wp-json\/wp\/v2\/media?parent=355"}],"curies":[{"name":"wp","href":"https:\/\/api.w.org\/{rel}","templated":true}]}}